{"id":9216,"date":"2026-02-05T10:33:21","date_gmt":"2026-02-05T13:33:21","guid":{"rendered":"https:\/\/www.editorasolucao.com.br\/blog\/?post_type=concurso&#038;p=9216"},"modified":"2026-02-05T10:34:50","modified_gmt":"2026-02-05T13:34:50","slug":"tj-rj","status":"publish","type":"concurso","link":"https:\/\/www.editorasolucao.com.br\/blog\/concurso\/tj-rj","title":{"rendered":"Concurso TJ RJ: Gabaritos divulgados! Iniciais de R$17 mil!"},"content":{"rendered":"\n<p>Foram publicados os gabaritos do concurso TJ RJ (Tribunal de Justi\u00e7a do Estado do Rio de Janeiro)! S\u00e3o ofertadas vagas em <strong>cadastro reserva<\/strong> para os cargos de <strong>T\u00e9cnico<\/strong> e <strong>Analista Judici\u00e1rio<\/strong>, de <strong>n\u00edveis m\u00e9dio e superior,<\/strong> respectivamente. As remunera\u00e7\u00f5es iniciais podem chegar at\u00e9 <strong>R$9 mil<\/strong>, mas com a soma dos benef\u00edcios pode alcan\u00e7ar mais de <strong>R$17 mil!<\/strong> Para se preparar para as pr\u00f3ximas sele\u00e7\u00f5es, confira a\u00a0<a href=\"https:\/\/www.editorasolucao.com.br\/concurso\/tj-rj-tribunal-de-justica-do-rio-de-janeiro\">Apostila TJ RJ<\/a> com conte\u00fado completo e atualizado conforme o edital!<\/p>\n\n\n\n<div id=\"ez-toc-container\" class=\"ez-toc-v2_0_69_1 counter-hierarchy ez-toc-counter ez-toc-grey ez-toc-container-direction\">\n<div class=\"ez-toc-title-container\">\n<p class=\"ez-toc-title \" >Menu de navega&ccedil;&atilde;o<\/p>\n<span class=\"ez-toc-title-toggle\"><a href=\"#\" class=\"ez-toc-pull-right ez-toc-btn ez-toc-btn-xs ez-toc-btn-default ez-toc-toggle\" aria-label=\"Toggle Table of Content\"><span class=\"ez-toc-js-icon-con\"><span class=\"\"><span class=\"eztoc-hide\" style=\"display:none;\">Toggle<\/span><span class=\"ez-toc-icon-toggle-span\"><svg style=\"fill: #999;color:#999\" xmlns=\"http:\/\/www.w3.org\/2000\/svg\" class=\"list-377408\" width=\"20px\" height=\"20px\" viewBox=\"0 0 24 24\" fill=\"none\"><path d=\"M6 6H4v2h2V6zm14 0H8v2h12V6zM4 11h2v2H4v-2zm16 0H8v2h12v-2zM4 16h2v2H4v-2zm16 0H8v2h12v-2z\" fill=\"currentColor\"><\/path><\/svg><svg style=\"fill: #999;color:#999\" class=\"arrow-unsorted-368013\" xmlns=\"http:\/\/www.w3.org\/2000\/svg\" width=\"10px\" height=\"10px\" viewBox=\"0 0 24 24\" version=\"1.2\" baseProfile=\"tiny\"><path d=\"M18.2 9.3l-6.2-6.3-6.2 6.3c-.2.2-.3.4-.3.7s.1.5.3.7c.2.2.4.3.7.3h11c.3 0 .5-.1.7-.3.2-.2.3-.5.3-.7s-.1-.5-.3-.7zM5.8 14.7l6.2 6.3 6.2-6.3c.2-.2.3-.5.3-.7s-.1-.5-.3-.7c-.2-.2-.4-.3-.7-.3h-11c-.3 0-.5.1-.7.3-.2.2-.3.5-.3.7s.1.5.3.7z\"\/><\/svg><\/span><\/span><\/span><\/a><\/span><\/div>\n<nav><ul class='ez-toc-list ez-toc-list-level-1 ' ><li class='ez-toc-page-1 ez-toc-heading-level-2'><a class=\"ez-toc-link ez-toc-heading-1\" href=\"https:\/\/www.editorasolucao.com.br\/blog\/concurso\/tj-rj\/#Concurso_TJ_RJ_Gabritos_divulgados\" title=\"Concurso TJ RJ: Gabritos divulgados\">Concurso TJ RJ: Gabritos divulgados<\/a><\/li><li class='ez-toc-page-1 ez-toc-heading-level-2'><a class=\"ez-toc-link ez-toc-heading-2\" href=\"https:\/\/www.editorasolucao.com.br\/blog\/concurso\/tj-rj\/#Concurso_TJ_RJ_conta_com_mais_de_146_mil_inscritos\" title=\"Concurso TJ RJ conta com mais de 146 mil inscritos\">Concurso TJ RJ conta com mais de 146 mil inscritos<\/a><\/li><li class='ez-toc-page-1 ez-toc-heading-level-2'><a class=\"ez-toc-link ez-toc-heading-3\" href=\"https:\/\/www.editorasolucao.com.br\/blog\/concurso\/tj-rj\/#Quais_sao_as_etapas_de_selecao_do_concurso_TJ_RJ\" title=\"Quais s\u00e3o as etapas de sele\u00e7\u00e3o do concurso TJ RJ?\">Quais s\u00e3o as etapas de sele\u00e7\u00e3o do concurso TJ RJ?<\/a><\/li><li class='ez-toc-page-1 ez-toc-heading-level-2'><a class=\"ez-toc-link ez-toc-heading-4\" href=\"https:\/\/www.editorasolucao.com.br\/blog\/concurso\/tj-rj\/#Cargos_e_vagas_do_concurso_TJ_RJ\" title=\"Cargos e vagas do concurso TJ RJ\">Cargos e vagas do concurso TJ RJ<\/a><\/li><li class='ez-toc-page-1 ez-toc-heading-level-2'><a class=\"ez-toc-link ez-toc-heading-5\" href=\"https:\/\/www.editorasolucao.com.br\/blog\/concurso\/tj-rj\/#Remuneracoes_e_beneficios\" title=\"Remunera\u00e7\u00f5es e benef\u00edcios\">Remunera\u00e7\u00f5es e benef\u00edcios<\/a><\/li><li class='ez-toc-page-1 ez-toc-heading-level-2'><a class=\"ez-toc-link ez-toc-heading-6\" href=\"https:\/\/www.editorasolucao.com.br\/blog\/concurso\/tj-rj\/#Requisitos_do_concurso_TJ_RJ\" title=\"Requisitos do concurso TJ RJ\">Requisitos do concurso TJ RJ<\/a><\/li><li class='ez-toc-page-1 ez-toc-heading-level-2'><a class=\"ez-toc-link ez-toc-heading-7\" href=\"https:\/\/www.editorasolucao.com.br\/blog\/concurso\/tj-rj\/#Como_foram_as_inscricoes_do_concurso_TJ_RJ\" title=\"Como foram as inscri\u00e7\u00f5es do concurso TJ RJ?\">Como foram as inscri\u00e7\u00f5es do concurso TJ RJ?<\/a><\/li><li class='ez-toc-page-1 ez-toc-heading-level-2'><a class=\"ez-toc-link ez-toc-heading-8\" href=\"https:\/\/www.editorasolucao.com.br\/blog\/concurso\/tj-rj\/#1200_chamadas_previstas_ate_marco_de_2026\" title=\"1.200 chamadas previstas at\u00e9 mar\u00e7o de 2026\">1.200 chamadas previstas at\u00e9 mar\u00e7o de 2026<\/a><\/li><li class='ez-toc-page-1 ez-toc-heading-level-2'><a class=\"ez-toc-link ez-toc-heading-9\" href=\"https:\/\/www.editorasolucao.com.br\/blog\/concurso\/tj-rj\/#Perguntas_frequentes\" title=\"Perguntas frequentes\">Perguntas frequentes<\/a><\/li><li class='ez-toc-page-1 ez-toc-heading-level-2'><a class=\"ez-toc-link ez-toc-heading-10\" href=\"https:\/\/www.editorasolucao.com.br\/blog\/concurso\/tj-rj\/#Quando_foi_o_ultimo_concurso_TJ_RJ\" title=\"Quando foi o \u00faltimo concurso TJ RJ?\">Quando foi o \u00faltimo concurso TJ RJ?<\/a><\/li><\/ul><\/nav><\/div>\n<h2 class=\"wp-block-heading\"><span class=\"ez-toc-section\" id=\"Concurso_TJ_RJ_Gabritos_divulgados\"><\/span>Concurso TJ RJ: Gabritos divulgados<span class=\"ez-toc-section-end\"><\/span><\/h2>\n\n\n\n<p>Nesta quarta-feira, 4 de fevereiro, foram publicados os gabaritos preliminares do concurso TJ RJ. Os documentos est\u00e3o separados por cargo, contemplando t\u00e9cnico judici\u00e1rio e analista judici\u00e1rio, al\u00e9m da libera\u00e7\u00e3o dos cadernos de quest\u00f5es por especialidade.<\/p>\n\n\n\n<ul>\n<li><a href=\"https:\/\/conhecimento.fgv.br\/sites\/default\/files\/concursos\/tjrj-2025-tecnico_20260204_gabaritopreliminar.pdf\" target=\"_blank\" rel=\"noreferrer noopener\">Confira os gabaritos preliminares para T\u00e9cnico!<\/a><\/li>\n\n\n\n<li><a href=\"https:\/\/conhecimento.fgv.br\/sites\/default\/files\/concursos\/tjrj-2025-analista_20260204_gabaritopreliminar.pdf\" target=\"_blank\" rel=\"noreferrer noopener\">Confira os gabaritos preliminares para Analista!<\/a><\/li>\n<\/ul>\n\n\n\n<p><\/p>\n\n\n\n<p>Os candidatos poder\u00e3o apresentar recursos contra os gabaritos preliminares nos dias <strong>5 e 6 de fevereiro<\/strong>, diretamente no site da FGV. Ap\u00f3s a an\u00e1lise, a banca poder\u00e1 manter, alterar ou anular quest\u00f5es, sendo que eventuais mudan\u00e7as ou anula\u00e7\u00f5es valer\u00e3o para todos os concorrentes.<\/p>\n\n\n\n<p>De acordo com o cronograma, o gabarito definitivo e o resultado preliminar da prova objetiva do concurso TJ RJ est\u00e3o previstos para serem divulgados em <strong>11 de mar\u00e7o<\/strong>.<\/p>\n\n\n\n<h2 class=\"wp-block-heading\"><span class=\"ez-toc-section\" id=\"Concurso_TJ_RJ_conta_com_mais_de_146_mil_inscritos\"><\/span>Concurso TJ RJ conta com mais de 146 mil inscritos<span class=\"ez-toc-section-end\"><\/span><\/h2>\n\n\n\n<p>No domingo, 1\u00ba de fevereiro, foram aplicadas as provas do concurso TJ RJ, marcando uma das etapas mais aguardadas do certame. Ao todo, <strong>146.032 candidatos inscritos<\/strong> foram convocados para a aplica\u00e7\u00e3o das provas, conforme dados divulgados pela Funda\u00e7\u00e3o Getulio Vargas, a banca organizadora da sele\u00e7\u00e3o.<\/p>\n\n\n\n<p>O cargo com maior procura no concurso TJ RJ foi o de T\u00e9cnico Judici\u00e1rio, que registrou <strong>100.181 inscritos<\/strong>. J\u00e1 os cargos de Analista Judici\u00e1rio, de n\u00edvel superior, somaram <strong>45.851 candidatos<\/strong>, considerando todas as especialidades previstas no edital.<\/p>\n\n\n\n<p>O volume de inscri\u00e7\u00f5es do atual concurso TJ RJ supera o de sele\u00e7\u00f5es anteriores do tribunal. Em 2021, o concurso registrou cerca de <strong>107 mil inscritos<\/strong>, enquanto o certame de 2014 contou com pouco mais de <strong>70 mil candidatos<\/strong>.<\/p>\n\n\n\n<h2 class=\"wp-block-heading\"><span class=\"ez-toc-section\" id=\"Quais_sao_as_etapas_de_selecao_do_concurso_TJ_RJ\"><\/span>Quais s\u00e3o as etapas de sele\u00e7\u00e3o do concurso TJ RJ?<span class=\"ez-toc-section-end\"><\/span><\/h2>\n\n\n\n<p>Os candidatos do concurso TJ RJ ser\u00e3o avaliados por meio das seguintes etapas:<\/p>\n\n\n\n<ul>\n<li><strong>Prova objetiva<\/strong>, de car\u00e1ter eliminat\u00f3rio e classificat\u00f3rio;<\/li>\n\n\n\n<li><strong>Prova discursiva<\/strong>, de car\u00e1ter eliminat\u00f3rio e classificat\u00f3rio (somente para Analista Judici\u00e1rio);<\/li>\n\n\n\n<li><strong>Avalia\u00e7\u00e3o de t\u00edtulos<\/strong>, de car\u00e1ter classificat\u00f3rio (apenas para cargos de n\u00edvel superior);<\/li>\n<\/ul>\n\n\n\n<p><\/p>\n\n\n\n<p>As provas objetivas e discursivas foram aplicadas no dia<strong> 1\u00ba de fevereiro de 2026<\/strong>, nos seguintes hor\u00e1rios:<\/p>\n\n\n\n<ul>\n<li><strong>T\u00e9cnico:<\/strong> 8h \u00e0s 12h (port\u00f5es ser\u00e3o fechados \u00e0s 7h30)<\/li>\n\n\n\n<li><strong>Analista:<\/strong> 14h30 \u00e0s 19h30 (port\u00f5es ser\u00e3o fechados \u00e0s 14h)<\/li>\n<\/ul>\n\n\n\n<h3 class=\"wp-block-heading\">Prova objetiva<\/h3>\n\n\n\n<p>A prova objetiva, comum a todos os cargos, teve 70 quest\u00f5es de m\u00faltipla escolha, com cinco alternativas e apenas uma correta, totalizando 70 pontos.<\/p>\n\n\n\n<p>Confira a distribui\u00e7\u00e3o das quest\u00f5es:<\/p>\n\n\n\n<p><strong>T\u00e9cnico judici\u00e1rio <\/strong><\/p>\n\n\n\n<ul>\n<li>Conhecimentos Gerais (30)\n<ul>\n<li>L\u00edngua Portuguesa: 20 quest\u00f5es; e<\/li>\n\n\n\n<li>\u00c9tica no Servi\u00e7o P\u00fablico; No\u00e7\u00f5es dos Direitos das Pessoas com Defici\u00eancia; e Legisla\u00e7\u00e3o Especial: 10 quest\u00f5es.<\/li>\n<\/ul>\n<\/li>\n\n\n\n<li>Conhecimentos Espec\u00edficos (40)\n<ul>\n<li>No\u00e7\u00f5es de Direito Administrativo;<\/li>\n\n\n\n<li>No\u00e7\u00f5es de Direito Constitucional;<\/li>\n\n\n\n<li>No\u00e7\u00f5es de Direito Processual Civil;<\/li>\n\n\n\n<li>No\u00e7\u00f5es de Direito Processual Penal; e<\/li>\n\n\n\n<li>Legisla\u00e7\u00e3o.<\/li>\n<\/ul>\n<\/li>\n<\/ul>\n\n\n\n<p><strong>Analista judici\u00e1rio <\/strong><\/p>\n\n\n\n<ul>\n<li>Conhecimentos Gerais (30)\n<ul>\n<li>L\u00edngua Portuguesa: 20 quest\u00f5es; e<\/li>\n\n\n\n<li>\u00c9tica no Servi\u00e7o P\u00fablico; No\u00e7\u00f5es dos Direitos das Pessoas com Defici\u00eancia; e Legisla\u00e7\u00e3o Especial: 10 quest\u00f5es.<\/li>\n<\/ul>\n<\/li>\n\n\n\n<li>Conhecimentos Espec\u00edficos (40)\n<ul>\n<li>Vari\u00e1veis de acordo com a \u00e1rea.<\/li>\n<\/ul>\n<\/li>\n<\/ul>\n\n\n\n<p><\/p>\n\n\n\n<p><strong>Leia tamb\u00e9m: <a href=\"https:\/\/www.editorasolucao.com.br\/blog\/artigo\/concurso-tj-rj-o-que-cai-na-prova\">O que cai na prova do concurso TJ RJ?<\/a><\/strong><\/p>\n\n\n\n<p>Para ser aprovado na prova objetiva, o candidato dever\u00e1 obter, no m\u00ednimo:<\/p>\n\n\n\n<ul>\n<li>12 acertos em Conhecimentos Gerais;<\/li>\n\n\n\n<li>20 acertos em Conhecimentos Espec\u00edficos;<\/li>\n\n\n\n<li>35 acertos no total da prova.<\/li>\n<\/ul>\n\n\n\n<p>Para candidatos negros, ind\u00edgenas ou pessoas com defici\u00eancia, as notas m\u00ednimas exigidas s\u00e3o 20% inferiores, sendo necess\u00e1rios:<\/p>\n\n\n\n<ul>\n<li>10 acertos em Conhecimentos Gerais;<\/li>\n\n\n\n<li>16 acertos em Conhecimentos Espec\u00edficos;<\/li>\n\n\n\n<li>28 acertos no total da prova.<\/li>\n<\/ul>\n\n\n\n<h4 class=\"wp-block-heading\">N\u00f3s temos a Solu\u00e7\u00e3o<\/h4>\n\n\n\n<p>Quer ser aprovado no concurso TJ RJ, mas n\u00e3o sabe como come\u00e7ar a estudar? N\u00f3s temos a Solu\u00e7\u00e3o! Elaboramos diversos materiais completos e direcionados conforme os \u00faltimos editais que te ajudar\u00e3o a conquistar o seu cargo dos sonhos!<\/p>\n\n\n\n<p><strong>Confira:&nbsp;<a href=\"https:\/\/www.editorasolucao.com.br\/concurso\/tj-rj-tribunal-de-justica-do-rio-de-janeiro\">Materiais preparat\u00f3rios para o concurso TJ RJ!<\/a><\/strong><\/p>\n\n\n\n<h3 class=\"wp-block-heading\">Prova discursiva <\/h3>\n\n\n\n<p>A prova discursiva foi aplicada no mesmo dia da prova objetiva e foi exigida exclusivamente dos candidatos aos cargos de Analista Judici\u00e1rio, em todas as especialidades.<\/p>\n\n\n\n<p>A avalia\u00e7\u00e3o consistiu em <strong>uma quest\u00e3o dissertativa<\/strong>, com valor m\u00e1ximo de 20 pontos, abordando <strong>temas relacionados \u00e0 \u00e1rea de atua\u00e7\u00e3o do cargo<\/strong>. O objetivo \u00e9 mensurar a capacidade do candidato de analisar, sintetizar e redigir com clareza, coer\u00eancia e dom\u00ednio t\u00e9cnico sobre o conte\u00fado proposto.<\/p>\n\n\n\n<p>Durante a corre\u00e7\u00e3o, a banca FGV considerar\u00e1 crit\u00e9rios como <strong>entendimento do tema<\/strong>, <strong>organiza\u00e7\u00e3o das ideias<\/strong>, <strong>estrutura argumentativa<\/strong>, <strong>clareza na exposi\u00e7\u00e3o<\/strong>, <strong>corre\u00e7\u00e3o gramatical<\/strong> e <strong>conhecimento jur\u00eddico ou t\u00e9cnico<\/strong> espec\u00edfico.<\/p>\n\n\n\n<p>Ser\u00e1 considerado aprovado o candidato que obtiver m\u00ednimo de 8 pontos na prova discursiva.<\/p>\n\n\n\n<p>A corre\u00e7\u00e3o da prova discursiva ser\u00e1 limitada ao n\u00famero de candidatos que atingirem a nota m\u00ednima na prova objetiva e se enquadrarem dentro dos quantitativos estabelecidos pelo edital:<\/p>\n\n\n\n<figure class=\"wp-block-image size-full\"><img loading=\"lazy\" decoding=\"async\" width=\"1080\" height=\"347\" src=\"https:\/\/www.editorasolucao.com.br\/blog\/wp-content\/uploads\/2025\/10\/discursiva-tj-rj.webp\" alt=\"Quantos candidatos ter\u00e3o as provas discursivas corrigidas no concurso TJ RJ?\" class=\"wp-image-49035\" srcset=\"https:\/\/www.editorasolucao.com.br\/blog\/wp-content\/uploads\/2025\/10\/discursiva-tj-rj.webp 1080w, https:\/\/www.editorasolucao.com.br\/blog\/wp-content\/uploads\/2025\/10\/discursiva-tj-rj-768x247.webp 768w\" sizes=\"(max-width: 1080px) 100vw, 1080px\" \/><\/figure>\n\n\n\n<figure class=\"wp-block-image size-full\"><img loading=\"lazy\" decoding=\"async\" width=\"1077\" height=\"311\" src=\"https:\/\/www.editorasolucao.com.br\/blog\/wp-content\/uploads\/2025\/10\/discursiva-tj-rj2.webp\" alt=\"Quantos candidatos ter\u00e3o as provas discursivas corrigidas no concurso TJ RJ?\" class=\"wp-image-49036\" srcset=\"https:\/\/www.editorasolucao.com.br\/blog\/wp-content\/uploads\/2025\/10\/discursiva-tj-rj2.webp 1077w, https:\/\/www.editorasolucao.com.br\/blog\/wp-content\/uploads\/2025\/10\/discursiva-tj-rj2-768x222.webp 768w\" sizes=\"(max-width: 1077px) 100vw, 1077px\" \/><\/figure>\n\n\n\n<p>Para o cargo de Analista Judici\u00e1rio, o edital traz um cen\u00e1rio animador: <strong>5.421 candidatos poder\u00e3o ter a prova discursiva corrigida<\/strong>, considerando todas as especialidades. Esse n\u00famero ainda pode ser ampliado, j\u00e1 que o edital garante a corre\u00e7\u00e3o das provas dos candidatos empatados na \u00faltima coloca\u00e7\u00e3o, desde que tenham atingido a pontua\u00e7\u00e3o m\u00ednima exigida.<\/p>\n\n\n\n<p>Mesmo sendo um concurso para cadastro de reserva, h\u00e1 um ponto positivo importante, <strong>todos os candidatos que tiverem a discursiva corrigida e alcan\u00e7arem a nota m\u00ednima poder\u00e3o ser considerados aprovados<\/strong>, sem cl\u00e1usula de barreira adicional.<\/p>\n\n\n\n<p>Para T\u00e9cnico Judici\u00e1rio, as chances tamb\u00e9m s\u00e3o amplas. Como <strong>n\u00e3o h\u00e1 prova discursiva<\/strong>, n\u00e3o existe limite m\u00e1ximo de aprovados. Assim, <strong>todos que atingirem as pontua\u00e7\u00f5es m\u00ednimas na prova objetiva ser\u00e3o considerados aprovados<\/strong> no concurso TJ RJ.<\/p>\n\n\n\n<h3 class=\"wp-block-heading\">Avalia\u00e7\u00e3o de t\u00edtulos<\/h3>\n\n\n\n<p>A avalia\u00e7\u00e3o de t\u00edtulos tem car\u00e1ter apenas classificat\u00f3rio e ser\u00e1 realizada apenas pelos cargos de n\u00edvel superior, ap\u00f3s a divulga\u00e7\u00e3o dos resultados das provas objetivas e discursivas. Os candidatos dever\u00e3o enviar os documentos digitalizados por meio de link espec\u00edfico no site da FGV.<\/p>\n\n\n\n<p>A pontua\u00e7\u00e3o m\u00e1xima nessa etapa ser\u00e1 de 6 pontos, distribu\u00eddos da seguinte forma:<\/p>\n\n\n\n<figure class=\"wp-block-image size-full\"><img loading=\"lazy\" decoding=\"async\" width=\"1081\" height=\"323\" src=\"https:\/\/www.editorasolucao.com.br\/blog\/wp-content\/uploads\/2025\/10\/titulos-tj-rj.webp\" alt=\"Tabela de t\u00edtulos do concurso TJ RJ!\" class=\"wp-image-49037\" srcset=\"https:\/\/www.editorasolucao.com.br\/blog\/wp-content\/uploads\/2025\/10\/titulos-tj-rj.webp 1081w, https:\/\/www.editorasolucao.com.br\/blog\/wp-content\/uploads\/2025\/10\/titulos-tj-rj-768x229.webp 768w\" sizes=\"(max-width: 1081px) 100vw, 1081px\" \/><figcaption class=\"wp-element-caption\"><em>Tabela de t\u00edtulos do concurso TJ RJ!<\/em><\/figcaption><\/figure>\n\n\n\n<h2 class=\"wp-block-heading\"><span class=\"ez-toc-section\" id=\"Cargos_e_vagas_do_concurso_TJ_RJ\"><\/span>Cargos e vagas do concurso TJ RJ<span class=\"ez-toc-section-end\"><\/span><\/h2>\n\n\n\n<p>O concurso TJ RJ oferece oportunidades destinadas \u00e0 <strong>forma\u00e7\u00e3o de cadastro de reserva<\/strong> para cargos de <strong>n\u00edveis m\u00e9dio e superior<\/strong>, abrangendo fun\u00e7\u00f5es administrativas, t\u00e9cnicas, assistenciais e de tecnologia da informa\u00e7\u00e3o.<\/p>\n\n\n\n<p>As nomea\u00e7\u00f5es ocorrer\u00e3o conforme o surgimento de vagas durante o per\u00edodo de validade do certame. Al\u00e9m disso, haver\u00e1 reserva legal de vagas para <strong>pessoas com defici\u00eancia (5%)<\/strong>, <strong>candidatos negros (20%)<\/strong>, <strong>candidatos ind\u00edgenas (3%)<\/strong> e <strong>candidatos em situa\u00e7\u00e3o de hipossufici\u00eancia econ\u00f4mica (10%)<\/strong>.<\/p>\n\n\n\n<p>Confira, a seguir, os cargos ofertados:<\/p>\n\n\n\n<p><strong>N\u00edvel m\u00e9dio<\/strong><\/p>\n\n\n\n<ul>\n<li>T\u00e9cnico de Atividade Judici\u00e1ria \u2013 sem especialidade<\/li>\n<\/ul>\n\n\n\n<p><strong>N\u00edvel superior<\/strong><\/p>\n\n\n\n<ul>\n<li>Analista Judici\u00e1rio \u2013 sem especialidade<\/li>\n\n\n\n<li>Analista Judici\u00e1rio \u2013 Contador<\/li>\n\n\n\n<li>Analista Judici\u00e1rio \u2013 Execu\u00e7\u00e3o de Mandados<\/li>\n\n\n\n<li>Analista Judici\u00e1rio \u2013 Psic\u00f3logo<\/li>\n\n\n\n<li>Analista Judici\u00e1rio \u2013 Assistente Social<\/li>\n\n\n\n<li>Analista Judici\u00e1rio \u2013 Comiss\u00e1rio de Justi\u00e7a da Inf\u00e2ncia, da Juventude e do Idoso<\/li>\n\n\n\n<li>Analista Judici\u00e1rio \u2013 M\u00e9dico<\/li>\n\n\n\n<li>Analista Judici\u00e1rio \u2013 M\u00e9dico Psiquiatra<\/li>\n\n\n\n<li>Analista Judici\u00e1rio \u2013 Analista de Neg\u00f3cios (TI)<\/li>\n\n\n\n<li>Analista Judici\u00e1rio \u2013 Analista de Infraestrutura de TIC<\/li>\n\n\n\n<li>Analista Judici\u00e1rio \u2013 Analista de Sistemas<\/li>\n\n\n\n<li>Analista Judici\u00e1rio \u2013 Analista de Projetos<\/li>\n\n\n\n<li>Analista Judici\u00e1rio \u2013 Analista de Gest\u00e3o de TIC<\/li>\n\n\n\n<li>Analista Judici\u00e1rio \u2013 Analista de Seguran\u00e7a da Informa\u00e7\u00e3o<\/li>\n\n\n\n<li>Analista Judici\u00e1rio \u2013 Analista de Intelig\u00eancia Artificial<\/li>\n\n\n\n<li>Analista Judici\u00e1rio \u2013 Cientista de Dados<\/li>\n\n\n\n<li>Analista Judici\u00e1rio \u2013 Arquiteto de Dados<\/li>\n\n\n\n<li>Analista Judici\u00e1rio \u2013 Engenheiro de Dados<\/li>\n\n\n\n<li>Analista Judici\u00e1rio \u2013 Analista de Dados S\u00eanior<\/li>\n<\/ul>\n\n\n\n<p><\/p>\n\n\n\n<p><strong>Para quem vai iniciar a prepara\u00e7\u00e3o para as pr\u00f3ximas sele\u00e7\u00f5es, as\u00a0Apostilas TJ RJ\u00a0j\u00e1 est\u00e3o dispon\u00edveis com conte\u00fado completo e atualizado conforme os \u00faltimos editais!<\/strong><\/p>\n\n\n\n<ul>\n<li><a href=\"https:\/\/www.editorasolucao.com.br\/apostila-solucao\/tj-rj-tecnico-atividade-judiciaria\">Apostila TJ-RJ 2026 &#8211; T\u00e9cnico de Atividade Judici\u00e1ria<\/a><\/li>\n\n\n\n<li><a href=\"https:\/\/www.editorasolucao.com.br\/apostila\/tj-rj-analista-judiciario-sem-especialidade\">Apostila TJ-RJ 2026 &#8211; Analista Judici\u00e1rio (sem especialidade)<\/a><\/li>\n\n\n\n<li><a href=\"https:\/\/www.editorasolucao.com.br\/apostila\/tj-rj-analista-judiciario-assistente-social\">Apostila TJ-RJ 2026 &#8211; Analista Judici\u00e1rio &#8211; Assistente Social<\/a><\/li>\n<\/ul>\n\n\n\n<h3 class=\"wp-block-heading\">Lota\u00e7\u00e3o dos aprovados<\/h3>\n\n\n\n<p>O concurso TJ RJ abrange todas as <strong>11 regi\u00f5es judici\u00e1rias do estado<\/strong>, permitindo ao candidato escolher a localidade de interesse no ato da inscri\u00e7\u00e3o. A seguir, confira a divis\u00e3o das regi\u00f5es conforme as comarcas e n\u00facleos regionais da Corregedoria (NURs):<\/p>\n\n\n\n<figure class=\"wp-block-image size-full\"><img loading=\"lazy\" decoding=\"async\" width=\"901\" height=\"338\" src=\"https:\/\/www.editorasolucao.com.br\/blog\/wp-content\/uploads\/2025\/10\/comarcas-tj-rj.webp\" alt=\"Lota\u00e7\u00e3o dos aprovados no concurso TJ RJ\" class=\"wp-image-49034\" srcset=\"https:\/\/www.editorasolucao.com.br\/blog\/wp-content\/uploads\/2025\/10\/comarcas-tj-rj.webp 901w, https:\/\/www.editorasolucao.com.br\/blog\/wp-content\/uploads\/2025\/10\/comarcas-tj-rj-768x288.webp 768w\" sizes=\"(max-width: 901px) 100vw, 901px\" \/><figcaption class=\"wp-element-caption\"><em>Lota\u00e7\u00e3o dos aprovados no concurso TJ RJ!<\/em><\/figcaption><\/figure>\n\n\n\n<p>Os cargos de T\u00e9cnico de Atividade Judici\u00e1ria (n\u00edvel m\u00e9dio) e Analista Judici\u00e1rio \u2013 sem especialidade ser\u00e3o ofertados para todas as <strong>11 regi\u00f5es<\/strong>, permitindo ampla distribui\u00e7\u00e3o dos futuros servidores pelo estado.<\/p>\n\n\n\n<p>J\u00e1 os cargos de Analista Judici\u00e1rio com especialidades, como Contador, M\u00e9dico, M\u00e9dico Psiquiatra e profissionais de Tecnologia da Informa\u00e7\u00e3o (TI), ter\u00e3o <strong>lota\u00e7\u00e3o exclusiva na 1\u00aa Regi\u00e3o<\/strong>, que abrange a capital e suas regionais.<\/p>\n\n\n\n<p>Essa estrutura regionalizada busca atender \u00e0 necessidade de pessoal tanto nas comarcas do interior quanto nas unidades da capital, garantindo o funcionamento pleno do Poder Judici\u00e1rio em todo o Estado do Rio de Janeiro.<\/p>\n\n\n\n<h2 class=\"wp-block-heading\"><span class=\"ez-toc-section\" id=\"Remuneracoes_e_beneficios\"><\/span>Remunera\u00e7\u00f5es e benef\u00edcios<span class=\"ez-toc-section-end\"><\/span><\/h2>\n\n\n\n<p>O concurso TJ RJ oferece remunera\u00e7\u00f5es atrativas e uma ampla lista de benef\u00edcios, com jornada de <strong>40 horas semanais<\/strong> para todos os cargos. Os valores variam conforme o n\u00edvel de escolaridade e a especialidade do cargo.<\/p>\n\n\n\n<p>Confira, a seguir, os valores iniciais de remunera\u00e7\u00e3o:<\/p>\n\n\n\n<p><strong>N\u00edvel m\u00e9dio<\/strong><\/p>\n\n\n\n<ul>\n<li>T\u00e9cnico judici\u00e1rio \u2013 R$ 5.685,54<\/li>\n<\/ul>\n\n\n\n<p><strong>N\u00edvel superior<\/strong><\/p>\n\n\n\n<ul>\n<li>Contador \u2013 R$ 9.363,84<\/li>\n\n\n\n<li>Execu\u00e7\u00e3o de Mandados \u2013 R$ 9.363,84 + R$ 3.560,57 (gratifica\u00e7\u00e3o)<\/li>\n\n\n\n<li>Psic\u00f3logo \u2013 R$ 9.363,84<\/li>\n\n\n\n<li>Assistente Social \u2013 R$ 9.363,84<\/li>\n\n\n\n<li>Comiss\u00e1rio de Justi\u00e7a da Inf\u00e2ncia, da Juventude e do Idoso \u2013 R$ 9.363,84<\/li>\n\n\n\n<li>M\u00e9dico \u2013 R$ 9.363,84<\/li>\n\n\n\n<li>M\u00e9dico Psiquiatra \u2013 R$ 9.363,84<\/li>\n\n\n\n<li>Analista de Neg\u00f3cios (TI) \u2013 R$ 9.363,84<\/li>\n\n\n\n<li>Analista de Infraestrutura de TIC (TI) \u2013 R$ 9.363,84<\/li>\n\n\n\n<li>Analista de Sistemas (TI) \u2013 R$ 9.363,84<\/li>\n\n\n\n<li>Analista de Projetos (TI) \u2013 R$ 9.363,84<\/li>\n\n\n\n<li>Analista de Gest\u00e3o de TIC (TI) \u2013 R$ 9.363,84<\/li>\n\n\n\n<li>Analista de Seguran\u00e7a da Informa\u00e7\u00e3o (TI) \u2013 R$ 9.363,84<\/li>\n\n\n\n<li>Analista de Intelig\u00eancia Artificial (TI) \u2013 R$ 9.363,84<\/li>\n\n\n\n<li>Cientista de Dados (TI) \u2013 R$ 9.363,84<\/li>\n\n\n\n<li>Arquiteto de Dados (TI) \u2013 R$ 9.363,84<\/li>\n\n\n\n<li>Engenheiro de Dados (TI) \u2013 R$ 9.363,84<\/li>\n\n\n\n<li>Analista de Dados S\u00eanior (TI) \u2013 R$ 9.363,84<\/li>\n<\/ul>\n\n\n\n<p><\/p>\n\n\n\n<p>Com todos os benef\u00edcios e vencimento b\u00e1sico, os ganhos iniciais mais altos podem ultrapassar os <strong>R$17,7 mil mensais<\/strong> no in\u00edcio da carreira.<\/p>\n\n\n\n<h3 class=\"wp-block-heading\">Benef\u00edcios <\/h3>\n\n\n\n<p>Al\u00e9m dos vencimentos b\u00e1sicos, os servidores efetivos do TJ RJ t\u00eam acesso a diversos benef\u00edcios e aux\u00edlios previstos em normas internas do \u00f3rg\u00e3o. Confira:<\/p>\n\n\n\n<ul>\n<li><strong>Aux\u00edlio-refei\u00e7\u00e3o\/alimenta\u00e7\u00e3o:<\/strong> R$ 3.270,00 mensais;<\/li>\n\n\n\n<li><strong>Aux\u00edlio-locomo\u00e7\u00e3o:<\/strong> R$ 532,39 mensais;<\/li>\n\n\n\n<li><strong>Aux\u00edlio-sa\u00fade:<\/strong> R$ 1.057,17 mensais;<\/li>\n\n\n\n<li><strong>Aux\u00edlio-creche:<\/strong> R$ 1.335,79 por dependente;<\/li>\n\n\n\n<li><strong>Aux\u00edlio-educa\u00e7\u00e3o:<\/strong> R$ 1.495,53;<\/li>\n\n\n\n<li><strong>Aux\u00edlio-ado\u00e7\u00e3o:<\/strong> valor entre 3 e 5 sal\u00e1rios m\u00ednimos, conforme a idade da crian\u00e7a ou adolescente adotado e suas condi\u00e7\u00f5es de sa\u00fade:\n<ul>\n<li>3 sal\u00e1rios m\u00ednimos para crian\u00e7as de 5 a menos de 8 anos;<\/li>\n\n\n\n<li>4 sal\u00e1rios m\u00ednimos para crian\u00e7as de 8 a menos de 12 anos;<\/li>\n\n\n\n<li>5 sal\u00e1rios m\u00ednimos para crian\u00e7as de 12 a 18 anos;<\/li>\n\n\n\n<li>5 sal\u00e1rios m\u00ednimos para crian\u00e7as ou adolescentes com defici\u00eancia, portadores do v\u00edrus HIV (AIDS) ou outras doen\u00e7as graves que demandam cuidados m\u00e9dicos constantes.<\/li>\n<\/ul>\n<\/li>\n\n\n\n<li><strong>Aux\u00edlio-doen\u00e7a:<\/strong> corresponde a um m\u00eas de vencimento quando o servidor permanece em licen\u00e7a m\u00e9dica por mais de 12 meses consecutivos;<\/li>\n\n\n\n<li><strong>Aux\u00edlio-funeral:<\/strong> R$ 2.876,96, concedido para reembolso das despesas com o funeral de servidor ativo ou inativo;<\/li>\n\n\n\n<li><strong>Aux\u00edlio-transporte:<\/strong> valor di\u00e1rio de R$ 23,00 por dia \u00fatil trabalhado;<\/li>\n\n\n\n<li><strong>Plano de sa\u00fade (AMIL Blue IV):<\/strong> custeado integralmente pelo tribunal, com cobertura nacional;<\/li>\n\n\n\n<li><strong>Adicional por tempo de servi\u00e7o<\/strong>, conforme regulamenta\u00e7\u00e3o vigente.<\/li>\n<\/ul>\n\n\n\n<p><\/p>\n\n\n\n<p>As informa\u00e7\u00f5es foram retiradas do Portal da Transpar\u00eancia do Tribunal de Justi\u00e7a do Estado do Rio de Janeiro.<\/p>\n\n\n\n<p><strong>Leia tamb\u00e9m: <a href=\"https:\/\/www.editorasolucao.com.br\/blog\/artigo\/concurso-tj-rj-materias-mais-importantes\">Quais mat\u00e9rias s\u00e3o mais importantes para o concurso TJ RJ?<\/a><\/strong><\/p>\n\n\n\n<h3 class=\"wp-block-heading\">Adicional de qualifica\u00e7\u00e3o<\/h3>\n\n\n\n<p>Os servidores que possu\u00edrem forma\u00e7\u00e3o acad\u00eamica superior \u00e0 exigida para o cargo ter\u00e3o direito ao Adicional de Qualifica\u00e7\u00e3o, calculado sobre o vencimento b\u00e1sico, nos seguintes percentuais:<\/p>\n\n\n\n<ul>\n<li>Gradua\u00e7\u00e3o: 7,5%<\/li>\n\n\n\n<li>Especializa\u00e7\u00e3o: 10%<\/li>\n\n\n\n<li>Mestrado: 12,5%<\/li>\n\n\n\n<li>Doutorado: 15%<\/li>\n<\/ul>\n\n\n\n<h3 class=\"wp-block-heading\">Progress\u00e3o salarial<\/h3>\n\n\n\n<p>A carreira no TJ RJ \u00e9 estruturada por classes e padr\u00f5es, permitindo crescimento salarial ao longo do tempo. Por exemplo, o analista pode atingir at\u00e9 <strong>R$19.611,81<\/strong> no padr\u00e3o mais alto. J\u00e1 o t\u00e9cnico pode alcan\u00e7ar at\u00e9 <strong>R$11.907,78.<\/strong> Confira:<\/p>\n\n\n\n<figure class=\"wp-block-table aligncenter\"><table><thead><tr><th class=\"has-text-align-center\" data-align=\"center\">Classe<\/th><th class=\"has-text-align-center\" data-align=\"center\">Padr\u00e3o<\/th><th class=\"has-text-align-center\" data-align=\"center\">T\u00e9cnico de Atividade <br>Judici\u00e1ria (R$)<\/th><th class=\"has-text-align-center\" data-align=\"center\">Analista Judici\u00e1rio (R$)<\/th><\/tr><\/thead><tbody><tr><td class=\"has-text-align-center\" data-align=\"center\"><strong>A<\/strong><\/td><td class=\"has-text-align-center\" data-align=\"center\">1<\/td><td class=\"has-text-align-center\" data-align=\"center\">5.685,54<\/td><td class=\"has-text-align-center\" data-align=\"center\">9.363,84<\/td><\/tr><tr><td class=\"has-text-align-center\" data-align=\"center\"><\/td><td class=\"has-text-align-center\" data-align=\"center\">2<\/td><td class=\"has-text-align-center\" data-align=\"center\">5.912,97<\/td><td class=\"has-text-align-center\" data-align=\"center\">9.738,42<\/td><\/tr><tr><td class=\"has-text-align-center\" data-align=\"center\"><\/td><td class=\"has-text-align-center\" data-align=\"center\">3<\/td><td class=\"has-text-align-center\" data-align=\"center\">6.149,43<\/td><td class=\"has-text-align-center\" data-align=\"center\">10.127,94<\/td><\/tr><tr><td class=\"has-text-align-center\" data-align=\"center\"><\/td><td class=\"has-text-align-center\" data-align=\"center\">4<\/td><td class=\"has-text-align-center\" data-align=\"center\">6.395,43<\/td><td class=\"has-text-align-center\" data-align=\"center\">10.533,09<\/td><\/tr><tr><td class=\"has-text-align-center\" data-align=\"center\"><strong>B<\/strong><\/td><td class=\"has-text-align-center\" data-align=\"center\">5<\/td><td class=\"has-text-align-center\" data-align=\"center\">6.651,27<\/td><td class=\"has-text-align-center\" data-align=\"center\">10.954,41<\/td><\/tr><tr><td class=\"has-text-align-center\" data-align=\"center\"><\/td><td class=\"has-text-align-center\" data-align=\"center\">6<\/td><td class=\"has-text-align-center\" data-align=\"center\">6.917,34<\/td><td class=\"has-text-align-center\" data-align=\"center\">11.392,53<\/td><\/tr><tr><td class=\"has-text-align-center\" data-align=\"center\"><\/td><td class=\"has-text-align-center\" data-align=\"center\">7<\/td><td class=\"has-text-align-center\" data-align=\"center\">7.194,03<\/td><td class=\"has-text-align-center\" data-align=\"center\">11.848,29<\/td><\/tr><tr><td class=\"has-text-align-center\" data-align=\"center\"><\/td><td class=\"has-text-align-center\" data-align=\"center\">8<\/td><td class=\"has-text-align-center\" data-align=\"center\">7.481,76<\/td><td class=\"has-text-align-center\" data-align=\"center\">12.322,23<\/td><\/tr><tr><td class=\"has-text-align-center\" data-align=\"center\"><strong>C<\/strong><\/td><td class=\"has-text-align-center\" data-align=\"center\">9<\/td><td class=\"has-text-align-center\" data-align=\"center\">7.781,04<\/td><td class=\"has-text-align-center\" data-align=\"center\">12.815,13<\/td><\/tr><tr><td class=\"has-text-align-center\" data-align=\"center\"><\/td><td class=\"has-text-align-center\" data-align=\"center\">10<\/td><td class=\"has-text-align-center\" data-align=\"center\">8.092,26<\/td><td class=\"has-text-align-center\" data-align=\"center\">13.327,71<\/td><\/tr><tr><td class=\"has-text-align-center\" data-align=\"center\"><\/td><td class=\"has-text-align-center\" data-align=\"center\">11<\/td><td class=\"has-text-align-center\" data-align=\"center\">8.415,96<\/td><td class=\"has-text-align-center\" data-align=\"center\">13.860,78<\/td><\/tr><tr><td class=\"has-text-align-center\" data-align=\"center\"><\/td><td class=\"has-text-align-center\" data-align=\"center\">12<\/td><td class=\"has-text-align-center\" data-align=\"center\">8.752,62<\/td><td class=\"has-text-align-center\" data-align=\"center\">14.415,27<\/td><\/tr><tr><td class=\"has-text-align-center\" data-align=\"center\"><strong>D<\/strong><\/td><td class=\"has-text-align-center\" data-align=\"center\">13<\/td><td class=\"has-text-align-center\" data-align=\"center\">9.452,85<\/td><td class=\"has-text-align-center\" data-align=\"center\">15.568,47<\/td><\/tr><tr><td class=\"has-text-align-center\" data-align=\"center\"><\/td><td class=\"has-text-align-center\" data-align=\"center\">14<\/td><td class=\"has-text-align-center\" data-align=\"center\">10.209,03<\/td><td class=\"has-text-align-center\" data-align=\"center\">16.813,95<\/td><\/tr><tr><td class=\"has-text-align-center\" data-align=\"center\"><\/td><td class=\"has-text-align-center\" data-align=\"center\">15<\/td><td class=\"has-text-align-center\" data-align=\"center\">11.025,75<\/td><td class=\"has-text-align-center\" data-align=\"center\">18.159,06<\/td><\/tr><tr><td class=\"has-text-align-center\" data-align=\"center\"><\/td><td class=\"has-text-align-center\" data-align=\"center\">16<\/td><td class=\"has-text-align-center\" data-align=\"center\">11.907,78<\/td><td class=\"has-text-align-center\" data-align=\"center\">19.611,81<\/td><\/tr><\/tbody><\/table><\/figure>\n\n\n\n<ul>\n<li><strong>Leia tamb\u00e9m: <a href=\"https:\/\/www.editorasolucao.com.br\/blog\/artigo\/concurso-tj-rj-principais-duvidas\">Principais d\u00favidas sobre o concurso TJ RJ!<\/a><\/strong><\/li>\n<\/ul>\n\n\n\n<h2 class=\"wp-block-heading\"><span class=\"ez-toc-section\" id=\"Requisitos_do_concurso_TJ_RJ\"><\/span>Requisitos do concurso TJ RJ<span class=\"ez-toc-section-end\"><\/span><\/h2>\n\n\n\n<p>Para investidura dos cargos do concurso TJ RJ, \u00e9 necess\u00e1rio que os candidatos atendam aos seguintes requisitos b\u00e1sicos:<\/p>\n\n\n\n<ul>\n<li>ter sido aprovado e classificado no Concurso P\u00fablico, na forma estabelecida neste Edital, em seus anexos e eventuais retifica\u00e7\u00f5es;<\/li>\n\n\n\n<li>ser brasileiro nato ou naturalizado, ou, no caso de nacionalidade portuguesa, estar amparado pelo estatuto de igualdade entre brasileiros e portugueses, com reconhecimento do gozo dos direitos pol\u00edticos, nos termos do \u00a7 1\u00ba do art. 12 da Constitui\u00e7\u00e3o Federal de 1988;<\/li>\n\n\n\n<li>apresentar comprovante de escolaridade correspondente ao cargo, emitido por institui\u00e7\u00e3o de ensino reconhecida pelo Minist\u00e9rio de Educa\u00e7\u00e3o, nos termos do Anexo II;<\/li>\n\n\n\n<li>ter idade m\u00ednima de 18 anos completos na data da nomea\u00e7\u00e3o;<\/li>\n\n\n\n<li>estar em pleno gozo dos direitos pol\u00edticos;<\/li>\n\n\n\n<li>estar quite com as obriga\u00e7\u00f5es eleitorais;<\/li>\n\n\n\n<li>estar quite com as obriga\u00e7\u00f5es militares, em caso de candidato do sexo masculino;<\/li>\n\n\n\n<li>ser considerado apto no exame de higidez f\u00edsica e mental, mediante apresenta\u00e7\u00e3o dos laudos, exames e declara\u00e7\u00e3o de sa\u00fade que forem exigidos para o exerc\u00edcio das atribui\u00e7\u00f5es do cargo;\n<ul>\n<li>A comprova\u00e7\u00e3o da aptid\u00e3o f\u00edsica e mental do candidato ser\u00e1 verificada por meio de exames m\u00e9dicos definidos pelo TJRJ, que poder\u00e1, ainda, solicitar ao candidato outros exames complementares, se assim julgar necess\u00e1rio;<\/li>\n\n\n\n<li>A avalia\u00e7\u00e3o m\u00e9dica ser\u00e1 realizada pelo Departamento de Sa\u00fade do TJRJ, que emitir\u00e1 laudo conclusivo sobre a aptid\u00e3o f\u00edsica e mental do candidato para o exerc\u00edcio do cargo; <\/li>\n\n\n\n<li>Para a comprova\u00e7\u00e3o da aptid\u00e3o f\u00edsica e mental, o candidato dever\u00e1 apresentar os exames a serem informados em edital pr\u00f3prio de convoca\u00e7\u00e3o para a avalia\u00e7\u00e3o m\u00e9dica.<\/li>\n<\/ul>\n<\/li>\n\n\n\n<li>n\u00e3o ter cumprido san\u00e7\u00f5es por inidoneidade ou qualquer tipo de penalidade grave no exerc\u00edcio da fun\u00e7\u00e3o p\u00fablica (como demiss\u00e3o, suspens\u00e3o, ou cassa\u00e7\u00e3o de aposentadoria), aplicada por qualquer \u00f3rg\u00e3o p\u00fablico e(ou) entidade da esfera federal, estadual ou municipal nos \u00faltimos cinco anos;<\/li>\n\n\n\n<li>comprovar conduta ilibada e bons antecedentes;<\/li>\n\n\n\n<li>estar regularmente inscrito no Cadastro de Pessoas F\u00edsicas;<\/li>\n\n\n\n<li>possuir os requisitos exigidos para o exerc\u00edcio do cargo;<\/li>\n\n\n\n<li>cumprir as determina\u00e7\u00f5es deste Edital.<\/li>\n<\/ul>\n\n\n\n<p><\/p>\n\n\n\n<h3 class=\"wp-block-heading\">Requisitos espec\u00edficos dos cargos<\/h3>\n\n\n\n<p>Cada cargo do concurso TJ RJ exige forma\u00e7\u00f5es espec\u00edficas, conforme a \u00e1rea de atua\u00e7\u00e3o. Abaixo, est\u00e3o listados os requisitos exigidos para investidura em cada fun\u00e7\u00e3o:<\/p>\n\n\n\n<ul>\n<li><strong>T\u00e9cnico de Atividade Judici\u00e1ria<\/strong> \u2013 Certificado de conclus\u00e3o de curso de ensino m\u00e9dio ou curso t\u00e9cnico equivalente, expedido por institui\u00e7\u00e3o de ensino reconhecida pelo \u00f3rg\u00e3o competente.<\/li>\n\n\n\n<li><strong>Analista Judici\u00e1rio \u2013 Grupo Assistencial \u2013 Assistente Social<\/strong> \u2013 Gradua\u00e7\u00e3o em Servi\u00e7o Social, fornecida por institui\u00e7\u00e3o reconhecida pelo MEC, e registro no respectivo conselho de classe.<\/li>\n\n\n\n<li><strong>Analista Judici\u00e1rio \u2013 Grupo Assistencial \u2013 M\u00e9dico<\/strong> \u2013 Gradua\u00e7\u00e3o em Medicina, com Resid\u00eancia M\u00e9dica em Medicina de Emerg\u00eancia, Medicina Intensiva ou Cardiologia, ou T\u00edtulo de Especialista emitido por entidades reconhecidas (ABRAMEDE, AMIB ou SBC), al\u00e9m de registro no CRM e RQE.<\/li>\n\n\n\n<li><strong>Analista Judici\u00e1rio \u2013 Grupo Assistencial \u2013 M\u00e9dico Psiquiatra<\/strong> \u2013 Gradua\u00e7\u00e3o em Medicina, com Resid\u00eancia M\u00e9dica em Psiquiatria ou T\u00edtulo de Especialista emitido pela ABP e AMB, e registro no CRM e RQE em Psiquiatria.<\/li>\n\n\n\n<li><strong>Analista Judici\u00e1rio \u2013 Grupo Assistencial \u2013 Psic\u00f3logo<\/strong> \u2013 Gradua\u00e7\u00e3o em Psicologia, fornecida por institui\u00e7\u00e3o reconhecida pelo MEC, e registro no respectivo \u00f3rg\u00e3o de classe.<\/li>\n\n\n\n<li><strong>Analista Judici\u00e1rio \u2013 Grupo Gest\u00e3o \u2013 Contador<\/strong> \u2013 Gradua\u00e7\u00e3o em Ci\u00eancias Cont\u00e1beis, fornecida por institui\u00e7\u00e3o reconhecida pelo MEC, e registro no conselho profissional.<\/li>\n\n\n\n<li><strong>Analista Judici\u00e1rio \u2013 Grupo Judicial \u2013 Comiss\u00e1rio de Justi\u00e7a da Inf\u00e2ncia, da Juventude e do Idoso<\/strong> \u2013 Gradua\u00e7\u00e3o em Direito, Administra\u00e7\u00e3o, Ci\u00eancias Sociais, Servi\u00e7o Social, Sociologia, Psicologia ou Pedagogia, fornecida por institui\u00e7\u00e3o reconhecida pelo MEC, e registro no \u00f3rg\u00e3o de classe, quando aplic\u00e1vel.<\/li>\n\n\n\n<li><strong>Analista Judici\u00e1rio \u2013 Grupo Judicial \u2013 Execu\u00e7\u00e3o de Mandados<\/strong> \u2013 Gradua\u00e7\u00e3o em Direito, fornecida por institui\u00e7\u00e3o reconhecida pelo MEC.<\/li>\n\n\n\n<li><strong>Analista Judici\u00e1rio \u2013 Grupo N\u00edvel Superior \u2013 Sem Especialidade<\/strong> \u2013 Gradua\u00e7\u00e3o em Administra\u00e7\u00e3o, Direito ou Economia, fornecida por institui\u00e7\u00e3o reconhecida pelo MEC.<\/li>\n\n\n\n<li><strong>Analista Judici\u00e1rio \u2013 Grupo Tecnologia da Informa\u00e7\u00e3o \u2013 Analista de Gest\u00e3o de TIC<\/strong> \u2013 Gradua\u00e7\u00e3o em Ci\u00eancia da Computa\u00e7\u00e3o, Engenharia da Computa\u00e7\u00e3o, Sistemas de Informa\u00e7\u00e3o, An\u00e1lise e Desenvolvimento de Sistemas, Gest\u00e3o em Tecnologia da Informa\u00e7\u00e3o, Engenharia de Controle e Automa\u00e7\u00e3o ou Engenharia de Software, reconhecida pelo MEC.<\/li>\n\n\n\n<li><strong>Analista Judici\u00e1rio \u2013 Grupo Tecnologia da Informa\u00e7\u00e3o \u2013 Analista de Infraestrutura de TIC<\/strong> \u2013 Gradua\u00e7\u00e3o em \u00e1reas de Tecnologia da Informa\u00e7\u00e3o, como Ci\u00eancia da Computa\u00e7\u00e3o, Engenharia da Computa\u00e7\u00e3o, Sistemas de Informa\u00e7\u00e3o, Engenharia de Redes, Banco de Dados ou Engenharia de Telecomunica\u00e7\u00f5es, reconhecida pelo MEC.<\/li>\n\n\n\n<li><strong>Analista Judici\u00e1rio \u2013 Grupo Tecnologia da Informa\u00e7\u00e3o \u2013 Analista de Neg\u00f3cios<\/strong> \u2013 Gradua\u00e7\u00e3o em Ci\u00eancia da Computa\u00e7\u00e3o, Engenharia da Computa\u00e7\u00e3o, Sistemas de Informa\u00e7\u00e3o, An\u00e1lise e Desenvolvimento de Sistemas, Gest\u00e3o em TI, Engenharia de Controle e Automa\u00e7\u00e3o ou Engenharia de Software, reconhecida pelo MEC.<br>Al\u00e9m dessas forma\u00e7\u00f5es, tamb\u00e9m passam a ser aceitos os cursos de Administra\u00e7\u00e3o, Direito e Engenharia de Produ\u00e7\u00e3o, desde que acompanhados de diploma de p\u00f3s-gradua\u00e7\u00e3o (m\u00ednimo de 360 horas) em An\u00e1lise de Neg\u00f3cios, An\u00e1lise de Requisitos, An\u00e1lise de Sistemas, Engenharia de Requisitos de Software, Gest\u00e3o em Tecnologia da Informa\u00e7\u00e3o ou Design de Produto, todos realizados em institui\u00e7\u00e3o de ensino superior reconhecida pelo MEC.<\/li>\n\n\n\n<li><strong>Analista Judici\u00e1rio \u2013 Grupo Tecnologia da Informa\u00e7\u00e3o \u2013 Analista de Projetos<\/strong> \u2013 Gradua\u00e7\u00e3o em Ci\u00eancia da Computa\u00e7\u00e3o, Engenharia da Computa\u00e7\u00e3o, Sistemas de Informa\u00e7\u00e3o, An\u00e1lise e Desenvolvimento de Sistemas, Tecnologia da Informa\u00e7\u00e3o, Engenharia de Controle e Automa\u00e7\u00e3o ou Engenharia de Software, reconhecida pelo MEC.<\/li>\n\n\n\n<li><strong>Analista Judici\u00e1rio \u2013 Grupo Tecnologia da Informa\u00e7\u00e3o \u2013 Analista de Seguran\u00e7a da Informa\u00e7\u00e3o<\/strong> \u2013 Gradua\u00e7\u00e3o em Ci\u00eancia da Computa\u00e7\u00e3o, Engenharia da Computa\u00e7\u00e3o, Sistemas de Informa\u00e7\u00e3o, Engenharia de Redes, Engenharia de Telecomunica\u00e7\u00f5es ou \u00e1reas correlatas de TI, reconhecida pelo MEC.<\/li>\n\n\n\n<li><strong>Analista Judici\u00e1rio \u2013 Grupo Tecnologia da Informa\u00e7\u00e3o \u2013 Analista de Sistemas<\/strong> \u2013 Gradua\u00e7\u00e3o em Ci\u00eancia da Computa\u00e7\u00e3o, Engenharia da Computa\u00e7\u00e3o, Sistemas para Internet, Sistemas de Informa\u00e7\u00e3o, An\u00e1lise e Desenvolvimento de Sistemas, Gest\u00e3o em TI, Engenharia de Controle e Automa\u00e7\u00e3o ou Engenharia de Software, reconhecida pelo MEC.<\/li>\n\n\n\n<li><strong>Analista Judici\u00e1rio \u2013 Grupo Tecnologia da Informa\u00e7\u00e3o \u2013 Analista de Intelig\u00eancia Artificial<\/strong> \u2013 Gradua\u00e7\u00e3o em Matem\u00e1tica, Estat\u00edstica, Ci\u00eancia da Computa\u00e7\u00e3o, Engenharia da Computa\u00e7\u00e3o, Sistemas de Informa\u00e7\u00e3o, Ci\u00eancia de Dados, Intelig\u00eancia Artificial, Tecnologia da Informa\u00e7\u00e3o ou Engenharia de Software, reconhecida pelo MEC.<\/li>\n\n\n\n<li><strong>Analista Judici\u00e1rio \u2013 Grupo Tecnologia da Informa\u00e7\u00e3o \u2013 Analista de Dados S\u00eanior<\/strong> \u2013 Gradua\u00e7\u00e3o em Tecnologia da Informa\u00e7\u00e3o ou curso superior de Tecn\u00f3logo na \u00e1rea de TI, reconhecido pelo MEC.<\/li>\n\n\n\n<li><strong>Analista Judici\u00e1rio \u2013 Grupo Tecnologia da Informa\u00e7\u00e3o \u2013 Arquiteto de Dados<\/strong> \u2013 Gradua\u00e7\u00e3o em Tecnologia da Informa\u00e7\u00e3o ou curso superior de Tecn\u00f3logo na \u00e1rea de TI, reconhecido pelo MEC.<\/li>\n\n\n\n<li><strong>Analista Judici\u00e1rio \u2013 Grupo Tecnologia da Informa\u00e7\u00e3o \u2013 Cientista de Dados<\/strong> \u2013 Gradua\u00e7\u00e3o em Tecnologia da Informa\u00e7\u00e3o, Estat\u00edstica ou curso superior de Tecn\u00f3logo na \u00e1rea de TI, reconhecido pelo MEC.<\/li>\n\n\n\n<li><strong>Analista Judici\u00e1rio \u2013 Grupo Tecnologia da Informa\u00e7\u00e3o \u2013 Engenheiro de Dados<\/strong> \u2013 Gradua\u00e7\u00e3o em Tecnologia da Informa\u00e7\u00e3o ou curso superior de Tecn\u00f3logo na \u00e1rea de TI, reconhecido pelo MEC.<\/li>\n<\/ul>\n\n\n\n<h2 class=\"wp-block-heading\"><span class=\"ez-toc-section\" id=\"Como_foram_as_inscricoes_do_concurso_TJ_RJ\"><\/span>Como foram as inscri\u00e7\u00f5es do concurso TJ RJ?<span class=\"ez-toc-section-end\"><\/span><\/h2>\n\n\n\n<p>Os interessados no concurso TJ RJ poderam se inscrever at\u00e9 o dia 27 de novembro exclusivamente pelo da Funda\u00e7\u00e3o Getulio Vargas <a href=\"https:\/\/conhecimento.fgv.br\/concursos\/tjrjservidores25\" target=\"_blank\" rel=\"noreferrer noopener\">(FGV)<\/a>.<\/p>\n\n\n\n<p>Para se inscrever, o candidato deveria seguir os seguintes passos:<\/p>\n\n\n\n<ul>\n<li>Acessar o site da FGV dentro do per\u00edodo de inscri\u00e7\u00e3o.<\/li>\n\n\n\n<li>Preencher o formul\u00e1rio eletr\u00f4nico com os dados solicitados.<\/li>\n\n\n\n<li>Escolher o cargo e a cidade de prova desejados.<\/li>\n\n\n\n<li>Gerar a Guia de Recolhimento do Estado do Rio de Janeiro (GRERJ) \u2014 documento oficial de pagamento.<\/li>\n\n\n\n<li>Efetuar o pagamento da taxa de inscri\u00e7\u00e3o at\u00e9 o dia 28 de novembro de 2025, somente em ag\u00eancias do Banco Bradesco.<\/li>\n<\/ul>\n\n\n\n<p><\/p>\n\n\n\n<p>O valor da taxa \u00e9 o seguinte:<\/p>\n\n\n\n<ul>\n<li><strong>R$100,00<\/strong> para o cargo de T\u00e9cnico de Atividade Judici\u00e1ria;<\/li>\n\n\n\n<li><strong>R$140,00<\/strong> para o cargo de Analista Judici\u00e1rio.<\/li>\n<\/ul>\n\n\n\n<p><\/p>\n\n\n\n<p>Somente foram confirmadas as inscri\u00e7\u00f5es que tiverem o pagamento da taxa devidamente identificado ou o pedido de isen\u00e7\u00e3o deferido.<\/p>\n\n\n\n<h3 class=\"wp-block-heading\">Isen\u00e7\u00e3o da taxa<\/h3>\n\n\n\n<p>Os candidatos que se enquadravam nos crit\u00e9rios legais poderiam solicitar isen\u00e7\u00e3o da taxa de inscri\u00e7\u00e3o entre os dias 29 e 31 de outubro de 2025, tamb\u00e9m pelo site da FGV.<\/p>\n\n\n\n<p>Tiveram direito \u00e0 isen\u00e7\u00e3o:<\/p>\n\n\n\n<ul>\n<li>Inscritos no Cadastro \u00danico para Programas Sociais (Cad\u00danico) e pertencentes a fam\u00edlias de baixa renda, conforme o Decreto Federal n\u00ba 11.016\/2022;<\/li>\n\n\n\n<li>Candidatos que atuaram como membros de mesa receptora de votos em se\u00e7\u00f5es eleitorais do Estado do Rio de Janeiro, conforme a Lei Estadual n\u00ba 9.412\/2021.<\/li>\n<\/ul>\n\n\n\n<h2 class=\"wp-block-heading\"><span class=\"ez-toc-section\" id=\"1200_chamadas_previstas_ate_marco_de_2026\"><\/span>1.200 chamadas previstas at\u00e9 mar\u00e7o de 2026<span class=\"ez-toc-section-end\"><\/span><\/h2>\n\n\n\n<p>Apesar de o concurso TJ RJ ser voltado para cadastro de reserva, o presidente do Tribunal, desembargador Ricardo Couto de Castro, anunciou a <strong>inten\u00e7\u00e3o de nomear cerca de 1.200 aprovados at\u00e9 mar\u00e7o de 2026<\/strong>. <\/p>\n\n\n\n<blockquote class=\"wp-block-quote\">\n<p><em>\u201cEstamos j\u00e1 na fase de contrata\u00e7\u00e3o para realiza\u00e7\u00e3o do pr\u00f3ximo concurso para preenchimento dos cargos efetivos da carreira. Garanto a todos voc\u00eas que at\u00e9 mar\u00e7o do ano que vem, no m\u00e1ximo, vamos fazer a nomea\u00e7\u00e3o de cerca de 1.200 novos servidores. Essa \u00e9 a meta\u201d, disse o presidente.<\/em><\/p>\n<\/blockquote>\n\n\n\n<p>A informa\u00e7\u00e3o foi divulgada durante o mesmo evento sindical, e refor\u00e7ada por Gabriel Albuquerque, que detalhou os planos do cronograma de convoca\u00e7\u00e3o.<\/p>\n\n\n\n<p>Com isso, a previs\u00e3o \u00e9 que os primeiros convocados <strong>assumam os cargos entre abril e maio.<\/strong><\/p>\n\n\n\n<p>A meta do tribunal, segundo o presidente, \u00e9 preencher efetivamente os cargos vagos da carreira e refor\u00e7ar o quadro de servidores no in\u00edcio do pr\u00f3ximo ano. <\/p>\n\n\n\n<h3 class=\"wp-block-heading\">Cargos vagos no TJ RJ<\/h3>\n\n\n\n<p>Segundo dados do Portal da Transpar\u00eancia do Tribunal de Justi\u00e7a do Estado do Rio de Janeiro, atualizados em abril de 2025, o \u00f3rg\u00e3o apresenta <strong>1.748 cargos vagos<\/strong>, sendo:<\/p>\n\n\n\n<ul>\n<li><strong>1.537 cargos vagos<\/strong>&nbsp;para Analista Judici\u00e1rio, T\u00e9cnico Judici\u00e1rio e Oficial de Justi\u00e7a;<\/li>\n\n\n\n<li><strong>211 cargos vagos<\/strong>&nbsp;para a fun\u00e7\u00e3o de T\u00e9cnico de Atividade Judici\u00e1ria, al\u00e9m de outras especialidades administrativas e operacionais.<\/li>\n<\/ul>\n\n\n\n<figure class=\"wp-block-image size-large\"><img loading=\"lazy\" decoding=\"async\" width=\"960\" height=\"480\" src=\"https:\/\/www.editorasolucao.com.br\/blog\/wp-content\/uploads\/2025\/05\/tj-rj-960x480.webp\" alt=\"Concurso TJ RJ\" class=\"wp-image-48029\"\/><figcaption class=\"wp-element-caption\"><em>Concurso TJ RJ pode ter mais de mil convoca\u00e7\u00f5es!<\/em><\/figcaption><\/figure>\n\n\n\n<h2 class=\"wp-block-heading\"><span class=\"ez-toc-section\" id=\"Perguntas_frequentes\"><\/span>Perguntas frequentes<span class=\"ez-toc-section-end\"><\/span><\/h2>\n\n\n\n<p>Confira as perguntas mais frequente sobre o concurso TJ RJ:<\/p>\n\n\n<div id=\"rank-math-faq\" class=\"rank-math-block\">\n<div class=\"rank-math-list \">\n<div id=\"faq-question-1758283837421\" class=\"rank-math-list-item\">\n<h3 class=\"rank-math-question \">Quantos foram chamados no \u00faltimo concurso do TJ RJ?<\/h3>\n<div class=\"rank-math-answer \">\n\n<p>No \u00faltimo concurso TJ RJ, foram convocados no total 302 candidatos, sendo a maior quantidade para T\u00e9cnico Judici\u00e1rio, com 132 convoca\u00e7\u00f5es.<\/p>\n\n<\/div>\n<\/div>\n<div id=\"faq-question-1758284102540\" class=\"rank-math-list-item\">\n<h3 class=\"rank-math-question \">Quanto \u00e9 o aux\u00edlio alimenta\u00e7\u00e3o do TJ RJ?<\/h3>\n<div class=\"rank-math-answer \">\n\n<p>O valor do aux\u00edlio alimenta\u00e7\u00e3o do TJ RJ \u00e9 de R$1.620,00 por m\u00eas.<\/p>\n\n<\/div>\n<\/div>\n<div id=\"faq-question-1761307786857\" class=\"rank-math-list-item\">\n<h3 class=\"rank-math-question \">Qual foi o edital do \u00faltimo concurso do TJ RJ para t\u00e9cnico judici\u00e1rio?<\/h3>\n<div class=\"rank-math-answer \">\n\n<p>O \u00faltimo edital do concurso TJ RJ para T\u00e9cnico Judici\u00e1rio foi em 2020. N aocasi\u00e3o foram ofertadas 10 vagas, com iniciais de R$5.750,06.<\/p>\n\n<\/div>\n<\/div>\n<div id=\"faq-question-1761307886689\" class=\"rank-math-list-item\">\n<h3 class=\"rank-math-question \">Vai ter reda\u00e7\u00e3o na prova do TJ RJ?<\/h3>\n<div class=\"rank-math-answer \">\n\n<p>N\u00e3o haver\u00e1 reda\u00e7\u00e3o. Contudo, os cargos de Analista Judici\u00e1rio passar\u00e3o por uma prova discursiva no concurso TJ RJ. A prova consistir\u00e1 em uma quest\u00e3o dissertativa sobre conhecimentos espec\u00edficos do cargo.<\/p>\n\n<\/div>\n<\/div>\n<\/div>\n<\/div>\n\n\n<h2 class=\"wp-block-heading\"><span class=\"ez-toc-section\" id=\"Quando_foi_o_ultimo_concurso_TJ_RJ\"><\/span>Quando foi o \u00faltimo concurso TJ RJ?<span class=\"ez-toc-section-end\"><\/span><\/h2>\n\n\n\n<p>O \u00faltimo concurso TJ RJ ocorreu em 2020 e ofertou 132 vagas para candidatos de n\u00edveis M\u00e9dio e Superior, com sal\u00e1rios de at\u00e9 <strong>R$ 10,1 mil<\/strong>. Confira:&nbsp;<\/p>\n\n\n\n<p><strong>M\u00e9dio&nbsp;<\/strong><\/p>\n\n\n\n<ul>\n<li>T\u00e9cnico de atividade Judici\u00e1ria &#8211; sem especialidade (10 vagas) \u2013 R$ 5.750,06 .<\/li>\n<\/ul>\n\n\n\n<p><strong>Superior&nbsp;<\/strong><\/p>\n\n\n\n<ul>\n<li>Analista Judici\u00e1rio \u2013 sem especialidade (31 vagas);<\/li>\n\n\n\n<li>Analista Judici\u00e1rio \u2013 especialidade Contador (02 vagas) \u2013 R$ 8.253,89;<\/li>\n\n\n\n<li>Analista Judici\u00e1rio \u2013 especialidade Psic\u00f3logo (05 vagas) \u2013 R$ 8.253,89;<\/li>\n\n\n\n<li>Analista Judici\u00e1rio \u2013 especialidade Assistente Social (05 vagas) \u2013 R$ 8.253,89;<\/li>\n\n\n\n<li>Analista Judici\u00e1rio \u2013 especialidade Comiss\u00e1rio de Justi\u00e7a da Inf\u00e2ncia, da Juventude e do Idoso (05 vagas) \u2013 R$ 8.253,89;<\/li>\n\n\n\n<li>Analista Judici\u00e1rio \u2013 especialidade M\u00e9dico (06 vagas) \u2013 R$ 8.253,89;<\/li>\n\n\n\n<li>Analista Judici\u00e1rio \u2013 especialidade M\u00e9dico Psiquiatra (01 vaga) \u2013 R$ 8.253,89;<\/li>\n\n\n\n<li>Analista Judici\u00e1rio \u2013 especialidade Analista de Neg\u00f3cios (02 vagas) \u2013 R$ 8.253,89;<\/li>\n\n\n\n<li>Analista Judici\u00e1rio \u2013 especialidade Analista de Infraestrutura de TIC (02 vagas) \u2013 R$ 8.253,89;<\/li>\n\n\n\n<li>Analista Judici\u00e1rio \u2013 especialidade Analista de Projetos (01 vaga) \u2013 R$ 8.253,89;<\/li>\n\n\n\n<li>Analista Judici\u00e1rio \u2013 especialidade Analista de Seguran\u00e7a da Informa\u00e7\u00e3o (02 vagas) \u2013 R$ 8.253,89;<\/li>\n\n\n\n<li>Analista Judici\u00e1rio \u2013 especialidade Analista de Gest\u00e3o TIC (01 vaga) \u2013 R$ 8.253,89;<\/li>\n\n\n\n<li>Analista Judici\u00e1rio \u2013 especialidade Analista de Sistemas (02 vagas) \u2013 R$ 8.253,89;<\/li>\n\n\n\n<li>Analista Judici\u00e1rio \u2013 especialidade Execu\u00e7\u00e3o de Mandados (10 vagas) \u2013 R$ 10.166,05.<\/li>\n<\/ul>\n\n\n\n<h3 class=\"wp-block-heading\">Como os candidatos do \u00faltimo concurso TJ RJ foram avaliados?&nbsp;<\/h3>\n\n\n\n<p>Os candidatos do \u00faltimo concurso TJ RJ foram avaliados por meio das seguintes etapas de sele\u00e7\u00e3o: prova objetiva (para todos os cargos), prova discursiva (para o cargo de Analista) e prova de t\u00edtulos (para o cargo de Analista).&nbsp;<\/p>\n\n\n\n<p>&nbsp;A prova objetiva contou com 60 quest\u00f5es de m\u00faltipla escolha, sendo 20 de Conhecimentos Gerais e 40 de Conhecimentos Espec\u00edficos.<\/p>\n\n\n\n<p><\/p>\n\n\n\n<p><strong>Bons estudos e boa prova!<\/strong><\/p>\n","protected":false},"excerpt":{"rendered":"<p>O concurso TJ RJ est\u00e1 ofertando vagas em cadastro reserva para T\u00e9cnico e Analista, com iniciais at\u00e9 R$9 mil. Gabaritos divulgados! Confira!<\/p>\n","protected":false},"author":26,"featured_media":50454,"template":"","meta":{"_acf_changed":true,"rank_math_lock_modified_date":false},"categories":[52],"tags":[4457],"acf":[],"_links":{"self":[{"href":"https:\/\/www.editorasolucao.com.br\/blog\/wp-json\/wp\/v2\/concurso\/9216"}],"collection":[{"href":"https:\/\/www.editorasolucao.com.br\/blog\/wp-json\/wp\/v2\/concurso"}],"about":[{"href":"https:\/\/www.editorasolucao.com.br\/blog\/wp-json\/wp\/v2\/types\/concurso"}],"author":[{"embeddable":true,"href":"https:\/\/www.editorasolucao.com.br\/blog\/wp-json\/wp\/v2\/users\/26"}],"wp:featuredmedia":[{"embeddable":true,"href":"https:\/\/www.editorasolucao.com.br\/blog\/wp-json\/wp\/v2\/media\/50454"}],"wp:attachment":[{"href":"https:\/\/www.editorasolucao.com.br\/blog\/wp-json\/wp\/v2\/media?parent=9216"}],"wp:term":[{"taxonomy":"category","embeddable":true,"href":"https:\/\/www.editorasolucao.com.br\/blog\/wp-json\/wp\/v2\/categories?post=9216"},{"taxonomy":"post_tag","embeddable":true,"href":"https:\/\/www.editorasolucao.com.br\/blog\/wp-json\/wp\/v2\/tags?post=9216"}],"curies":[{"name":"wp","href":"https:\/\/api.w.org\/{rel}","templated":true}]}}