{"id":9805,"date":"2024-03-15T11:30:45","date_gmt":"2024-03-15T14:30:45","guid":{"rendered":"https:\/\/www.editorasolucao.com.br\/blog\/?post_type=concurso&#038;p=9805"},"modified":"2024-04-23T11:47:51","modified_gmt":"2024-04-23T14:47:51","slug":"prefeitura-de-sao-goncalo-rj","status":"publish","type":"concurso","link":"https:\/\/www.editorasolucao.com.br\/blog\/concurso\/prefeitura-de-sao-goncalo-rj","title":{"rendered":"Concurso Prefeitura de S\u00e3o Gon\u00e7alo: Edital aberto para \u00e1rea da educa\u00e7\u00e3o. 277 vagas!"},"content":{"rendered":"\n<p>Aten\u00e7\u00e3o, concurseiros! O concurso Prefeitura de S\u00e3o Gon\u00e7alo, no estado do Rio de Janeiro, est\u00e1 com inscri\u00e7\u00f5es abertas e oferta 277 vagas para cargos de <strong>n\u00edveis fundamental e m\u00e9dio<\/strong>. Ficou interessado(a)? Confira os demais detalhes no decorrer da not\u00edcia. \ud83e\udd70<\/p>\n\n\n\n<div id=\"ez-toc-container\" class=\"ez-toc-v2_0_69_1 counter-hierarchy ez-toc-counter ez-toc-grey ez-toc-container-direction\">\n<div class=\"ez-toc-title-container\">\n<p class=\"ez-toc-title \" >Menu de navega&ccedil;&atilde;o<\/p>\n<span class=\"ez-toc-title-toggle\"><a href=\"#\" class=\"ez-toc-pull-right ez-toc-btn ez-toc-btn-xs ez-toc-btn-default ez-toc-toggle\" aria-label=\"Toggle Table of Content\"><span class=\"ez-toc-js-icon-con\"><span class=\"\"><span class=\"eztoc-hide\" style=\"display:none;\">Toggle<\/span><span class=\"ez-toc-icon-toggle-span\"><svg style=\"fill: #999;color:#999\" xmlns=\"http:\/\/www.w3.org\/2000\/svg\" class=\"list-377408\" width=\"20px\" height=\"20px\" viewBox=\"0 0 24 24\" fill=\"none\"><path d=\"M6 6H4v2h2V6zm14 0H8v2h12V6zM4 11h2v2H4v-2zm16 0H8v2h12v-2zM4 16h2v2H4v-2zm16 0H8v2h12v-2z\" fill=\"currentColor\"><\/path><\/svg><svg style=\"fill: #999;color:#999\" class=\"arrow-unsorted-368013\" xmlns=\"http:\/\/www.w3.org\/2000\/svg\" width=\"10px\" height=\"10px\" viewBox=\"0 0 24 24\" version=\"1.2\" baseProfile=\"tiny\"><path d=\"M18.2 9.3l-6.2-6.3-6.2 6.3c-.2.2-.3.4-.3.7s.1.5.3.7c.2.2.4.3.7.3h11c.3 0 .5-.1.7-.3.2-.2.3-.5.3-.7s-.1-.5-.3-.7zM5.8 14.7l6.2 6.3 6.2-6.3c.2-.2.3-.5.3-.7s-.1-.5-.3-.7c-.2-.2-.4-.3-.7-.3h-11c-.3 0-.5.1-.7.3-.2.2-.3.5-.3.7s.1.5.3.7z\"\/><\/svg><\/span><\/span><\/span><\/a><\/span><\/div>\n<nav><ul class='ez-toc-list ez-toc-list-level-1 ' ><li class='ez-toc-page-1 ez-toc-heading-level-2'><a class=\"ez-toc-link ez-toc-heading-1\" href=\"https:\/\/www.editorasolucao.com.br\/blog\/concurso\/prefeitura-de-sao-goncalo-rj\/#Como_fazer_minha_inscricao_no_concurso_Prefeitura_de_Sao_Goncalo\" title=\"Como fazer minha inscri\u00e7\u00e3o no concurso Prefeitura de S\u00e3o Gon\u00e7alo?\">Como fazer minha inscri\u00e7\u00e3o no concurso Prefeitura de S\u00e3o Gon\u00e7alo?<\/a><\/li><li class='ez-toc-page-1 ez-toc-heading-level-2'><a class=\"ez-toc-link ez-toc-heading-2\" href=\"https:\/\/www.editorasolucao.com.br\/blog\/concurso\/prefeitura-de-sao-goncalo-rj\/#Quais_sao_os_cargos_ofertados_no_concurso_Prefeitura_de_Sao_Goncalo\" title=\"Quais s\u00e3o os cargos ofertados no concurso Prefeitura de S\u00e3o Gon\u00e7alo?\">Quais s\u00e3o os cargos ofertados no concurso Prefeitura de S\u00e3o Gon\u00e7alo?<\/a><\/li><li class='ez-toc-page-1 ez-toc-heading-level-2'><a class=\"ez-toc-link ez-toc-heading-3\" href=\"https:\/\/www.editorasolucao.com.br\/blog\/concurso\/prefeitura-de-sao-goncalo-rj\/#Quais_sao_os_requisitos_para_participar_do_concurso_Prefeitura_de_Sao_Goncalo_%E2%80%93_RJ\" title=\"Quais s\u00e3o os requisitos para participar do concurso Prefeitura de S\u00e3o Gon\u00e7alo &#8211; RJ?\">Quais s\u00e3o os requisitos para participar do concurso Prefeitura de S\u00e3o Gon\u00e7alo &#8211; RJ?<\/a><\/li><li class='ez-toc-page-1 ez-toc-heading-level-2'><a class=\"ez-toc-link ez-toc-heading-4\" href=\"https:\/\/www.editorasolucao.com.br\/blog\/concurso\/prefeitura-de-sao-goncalo-rj\/#Quais_sao_as_atribuicoes_dos_cargos_ofertados_no_concurso_Prefeitura_de_Sao_Goncalo-RJ\" title=\"Quais s\u00e3o as atribui\u00e7\u00f5es dos cargos ofertados no concurso Prefeitura de S\u00e3o Gon\u00e7alo-RJ?\">Quais s\u00e3o as atribui\u00e7\u00f5es dos cargos ofertados no concurso Prefeitura de S\u00e3o Gon\u00e7alo-RJ?<\/a><\/li><li class='ez-toc-page-1 ez-toc-heading-level-2'><a class=\"ez-toc-link ez-toc-heading-5\" href=\"https:\/\/www.editorasolucao.com.br\/blog\/concurso\/prefeitura-de-sao-goncalo-rj\/#Como_serao_as_provas_do_concurso_Prefeitura_de_Sao_Goncalo\" title=\"Como ser\u00e3o as provas do concurso Prefeitura de S\u00e3o Gon\u00e7alo?\">Como ser\u00e3o as provas do concurso Prefeitura de S\u00e3o Gon\u00e7alo?<\/a><\/li><\/ul><\/nav><\/div>\n<h2 class=\"wp-block-heading\" id=\"inscri\u00e7\u00f5es\"><span class=\"ez-toc-section\" id=\"Como_fazer_minha_inscricao_no_concurso_Prefeitura_de_Sao_Goncalo\"><\/span>Como fazer minha inscri\u00e7\u00e3o no concurso Prefeitura de S\u00e3o Gon\u00e7alo?<span class=\"ez-toc-section-end\"><\/span><\/h2>\n\n\n\n<p>As inscri\u00e7\u00f5es para o certame j\u00e1 podem ser realizadas por meio do site da banca organizadora, <a href=\"https:\/\/selecon.selecao.net.br\/informacoes\/37\/\" target=\"_blank\" rel=\"noreferrer noopener\">Instituto Selecon<\/a>, <strong>at\u00e9 o dia 26 de mar\u00e7o de 2024<\/strong>.<\/p>\n\n\n\n<p>Para efetivar a inscri\u00e7\u00e3o \u00e9 necess\u00e1rio que o candidato efetue o pagamento de uma <strong>taxa <\/strong>no valor correspondente ao n\u00edvel de escolaridade do cargo pretendido:<\/p>\n\n\n\n<ol>\n<li>N\u00edvel fundamental: <strong>R$ 40,50<\/strong><\/li>\n\n\n\n<li>N\u00edvel m\u00e9dio: <strong>R$ 58,00<\/strong><\/li>\n<\/ol>\n\n\n\n<p>Houve a possibilidade de solicitar a <strong>isen\u00e7\u00e3o <\/strong>da taxa para os candidatos que se adequassem nos termos do edital. O per\u00edodo de solicita\u00e7\u00e3o j\u00e1 foi encerrado.<\/p>\n\n\n\n<h2 class=\"wp-block-heading\" id=\"cargos\"><span class=\"ez-toc-section\" id=\"Quais_sao_os_cargos_ofertados_no_concurso_Prefeitura_de_Sao_Goncalo\"><\/span>Quais s\u00e3o os cargos ofertados no concurso Prefeitura de S\u00e3o Gon\u00e7alo?<span class=\"ez-toc-section-end\"><\/span><\/h2>\n\n\n\n<p>Conforme o edital ao todo est\u00e3o sendo ofertadas <strong>277 imediatas mais oportunidade para forma\u00e7\u00e3o de cadastro reserva<\/strong> para cargos de n\u00edveis fundamental e m\u00e9dio de escolaridade. Confira os cargos ofertados, a distribui\u00e7\u00e3o das vagas e os sal\u00e1rios:<\/p>\n\n\n\n<h3 class=\"wp-block-heading\">N\u00edvel fundamental<\/h3>\n\n\n\n<ol>\n<li>Merendeiro (135+CR) \n<ul>\n<li>R$ 1.412,00<\/li>\n<\/ul>\n<\/li>\n<\/ol>\n\n\n\n<h3 class=\"wp-block-heading\">N\u00edvel m\u00e9dio<\/h3>\n\n\n\n<ol>\n<li>Cuidador de aluno especial (06+CR)\n<ul>\n<li>R$ 1.930,62<\/li>\n<\/ul>\n<\/li>\n\n\n\n<li>Auxiliar de creche (39+CR)\n<ul>\n<li>R$ 1.930,62<\/li>\n<\/ul>\n<\/li>\n\n\n\n<li><a href=\"https:\/\/www.editorasolucao.com.br\/apostila-solucao\/semed-sao-goncalo-rj-inspetor-alunos?q=semed%20sao\">Inspetor de alunos<\/a> (97+CR)\n<ul>\n<li>R$ 1.930,62<\/li>\n<\/ul>\n<\/li>\n<\/ol>\n\n\n\n<p>A jornada de trabalho \u00e9 de 30 horas semanais para o cargo de n\u00edvel fundamental e de 40 horas para os demais cargos.<\/p>\n\n\n\n<h2 class=\"wp-block-heading\" id=\"requisitos\"><span class=\"ez-toc-section\" id=\"Quais_sao_os_requisitos_para_participar_do_concurso_Prefeitura_de_Sao_Goncalo_%E2%80%93_RJ\"><\/span>Quais s\u00e3o os requisitos para participar do concurso Prefeitura de S\u00e3o Gon\u00e7alo &#8211; RJ?<span class=\"ez-toc-section-end\"><\/span><\/h2>\n\n\n\n<p>Para que o candidato tome posse do cargo pretendido no <strong>concurso Prefeitura de S\u00e3o Gon\u00e7alo<\/strong> \u00e9 necess\u00e1rio cumprir as seguintes exig\u00eancias:<\/p>\n\n\n\n<ul>\n<li>Ter sido aprovado e classificado dentro das vagas constantes do Anexo II deste edital;<\/li>\n\n\n\n<li>Ter nacionalidade brasileira e, no caso de nacionalidade portuguesa, estar amparado pelo estatuto de igualdade entre brasileiros e portugueses, com reconhecimento do gozo dos direitos pol\u00edticos, nos termos do \u00a7 1.\u00ba do artigo 12 da Constitui\u00e7\u00e3o Federal\/1988 e na forma do disposto no artigo 13 do Decreto n.\u00ba 70.436, de 18 de abril de 1972;<\/li>\n\n\n\n<li>Estar em pleno gozo dos direitos pol\u00edticos e civis;<\/li>\n\n\n\n<li>Estar em dia com as obriga\u00e7\u00f5es do Servi\u00e7o Militar, para os candidatos do sexo masculino;<\/li>\n\n\n\n<li>Estar quite com as obriga\u00e7\u00f5es eleitorais;<\/li>\n\n\n\n<li>Comprovar, por ocasi\u00e3o da posse, os requisitos b\u00e1sicos exigidos para o cargo\/habilita\u00e7\u00e3o profissional, conforme subitem 2.2 (Anexo II) deste Edital;<\/li>\n\n\n\n<li>Possuir aptid\u00e3o f\u00edsica e mental para o exerc\u00edcio das atribui\u00e7\u00f5es do cargo, mediante a apresenta\u00e7\u00e3o dos exames m\u00e9dicos (todos com laudos conclusivos) constantes do Anexo V \u00e0 per\u00edcia m\u00e9dica oficial do Munic\u00edpio de S\u00e3o Gon\u00e7alo-RJ, a fim de detectar doen\u00e7as incapacitantes pr\u00e9-existentes e\/ou incompat\u00edveis com o exerc\u00edcio do cargo;<\/li>\n\n\n\n<li>Ter idade m\u00ednima de 18 anos na data da posse;<\/li>\n\n\n\n<li>N\u00e3o estar incompatibilizado para nova investidura em cargo p\u00fablico;<\/li>\n\n\n\n<li>Apresentar certid\u00e3o comprobat\u00f3ria de registro no respectivo Conselho de Classe, se houver, quando requisito para o cargo, de n\u00e3o estar cumprindo penalidade imposta ap\u00f3s regular processo administrativo, que o impe\u00e7a, ainda que temporariamente, de exercer a profiss\u00e3o (suspens\u00e3o etc.), bem como estar inteiramente quite com as demais exig\u00eancias legais do \u00f3rg\u00e3o fiscalizador do exerc\u00edcio profissional;<\/li>\n\n\n\n<li>N\u00e3o ocupar ou receber proventos de aposentadoria de cargo, emprego ou fun\u00e7\u00e3o p\u00fablica que caracterizem acumula\u00e7\u00e3o il\u00edcita, na forma do artigo 37, inciso XVI, da Constitui\u00e7\u00e3o Federal\/1988;<\/li>\n\n\n\n<li>Apresentar declara\u00e7\u00e3o dos bens e valores que constituem seu patrim\u00f4nio e declara\u00e7\u00e3o por n\u00e3o exercer qualquer atividade p\u00fablica ou privada incompat\u00edvel com o exerc\u00edcio de sua fun\u00e7\u00e3o;<\/li>\n\n\n\n<li>Apresentar Certid\u00f5es Negativas Criminais da Justi\u00e7a Federal e da Justi\u00e7a Estadual dos lugares onde tenha residido nos \u00faltimos 5 anos;<\/li>\n\n\n\n<li>Apresentar C\u00e9dula de Identidade (RG) e Cadastro de Pessoa F\u00edsica (CPF-MF);<\/li>\n\n\n\n<li>Apresentar outros documentos que se fizerem necess\u00e1rios e relacionados no edital de convoca\u00e7\u00e3o para posse.<\/li>\n<\/ul>\n\n\n\n<h2 class=\"wp-block-heading\" id=\"atribui\u00e7\u00f5es\"><span class=\"ez-toc-section\" id=\"Quais_sao_as_atribuicoes_dos_cargos_ofertados_no_concurso_Prefeitura_de_Sao_Goncalo-RJ\"><\/span>Quais s\u00e3o as atribui\u00e7\u00f5es dos cargos ofertados no concurso Prefeitura de S\u00e3o Gon\u00e7alo-RJ?<span class=\"ez-toc-section-end\"><\/span><\/h2>\n\n\n\n<p>Confira quais s\u00e3o algumas das <strong>atividades <\/strong>que os candidatos aprovados dever\u00e3o exercer em cada cargo ofertado:<\/p>\n\n\n\n<ol>\n<li>Merendeiro:\n<ul>\n<li>Preparar e Distribuir a alimenta\u00e7\u00e3o dos alunos; cuidar da introdu\u00e7\u00e3o adequada de novos alimentos, conforme card\u00e1pio estabelecido e orienta\u00e7\u00f5es da nutricionista; <\/li>\n\n\n\n<li>Responsabilizar-se pela limpeza, conserva\u00e7\u00e3o e controle do dep\u00f3sito da cozinha, seus utens\u00edlios, equipamentos e g\u00eaneros aliment\u00edcios, observando o prazo de validade dos mesmos: <\/li>\n\n\n\n<li>Preparar as refei\u00e7\u00f5es dentro dos cuidados de higiene e aproveitamento de alimentos, de acordo com o n\u00famero de alunos presentes; <\/li>\n\n\n\n<li>Acondicionar e destinar o lixo adequadamente; <\/li>\n\n\n\n<li>Realizar a limpeza geral da cozinha (lavar paredes, piso, janela, portas e equipamentos); <\/li>\n\n\n\n<li>Lavar e passar as roupas de copa e mesa; <\/li>\n\n\n\n<li>Fazer caf\u00e9 e servir; <\/li>\n\n\n\n<li>Auxiliar as serventes do estabelecimento de ensino.<\/li>\n<\/ul>\n<\/li>\n\n\n\n<li>Cuidador de aluno especial:\n<ul>\n<li>Entender sobre cuidados de atividades de vida di\u00e1ria e pr\u00e1tica do cotidiano de alunos especiais (dar lanche aos que apresentam dificuldades motoras dos membros superiores, realizar a higiene bucal, ap\u00f3s a alimenta\u00e7\u00e3o e nos casos de sialorreia (secre\u00e7\u00e3o excessiva de saliva), e a higiene corporal\/\u00edntima e trocas de fraldas e de vestu\u00e1rio); <\/li>\n\n\n\n<li>Saber abordar o aluno para cuidados pessoais, bem como auxili\u00e1-lo para uso do banheiro; <\/li>\n\n\n\n<li>Conhecer sobre adequa\u00e7\u00e3o postural para a pessoa com pouca ou nenhuma mobilidade e movimento corporal nos cuidados necess\u00e1rios; <\/li>\n\n\n\n<li>Deslocar com seguran\u00e7a e adequadamente o aluno, a respeito dos cuidados que ele necessita de acordo com as fun\u00e7\u00f5es estabelecidas para o cuidador; <\/li>\n\n\n\n<li>Compreender indica\u00e7\u00f5es b\u00e1sicas contidas no hist\u00f3rico escolar do aluno com refer\u00eancia \u00e0s necessidades educacionais especiais; <\/li>\n\n\n\n<li>Ter conhecimento de quando uma situa\u00e7\u00e3o requer outros cuidados fora aquele de seu alcance e do \u00e2mbito da escola.<\/li>\n<\/ul>\n<\/li>\n\n\n\n<li><a href=\"https:\/\/www.editorasolucao.com.br\/apostila-solucao\/semed-sao-goncalo-rj-auxiliar-creche\">Auxiliar de creche<\/a>:\n<ul>\n<li>Manter-se atualizado quanto \u00e0s modernas t\u00e9cnicas profissionais; <\/li>\n\n\n\n<li>Requisitar e manter o suprimento necess\u00e1rio \u00e0 realiza\u00e7\u00e3o das atividades; <\/li>\n\n\n\n<li>Zelar pela higiene e limpeza do ambiente e depend\u00eancias sob sua guarda; <\/li>\n\n\n\n<li>Observar as condi\u00e7\u00f5es de funcionamento dos equipamentos, instrumentos e bens patrimoniais, solicitando os reparos necess\u00e1rios, para evitar riscos e preju\u00edzos; <\/li>\n\n\n\n<li>Utilizar, com racionalidade e economicidade, e conservar os equipamentos, materiais de consumo e pedag\u00f3gicos pertinentes ao trabalho.<\/li>\n<\/ul>\n<\/li>\n\n\n\n<li>Inspetor de alunos:\n<ul>\n<li>Cuidam da seguran\u00e7a do aluno nas depend\u00eancias e proximidades da escola; <\/li>\n\n\n\n<li>Inspecionam o comportamento dos alunos no ambiente escolar; <\/li>\n\n\n\n<li>Orientam alunos sobre regras e procedimentos; <\/li>\n\n\n\n<li>Regimento escolar; <\/li>\n\n\n\n<li>Cumprimento de hor\u00e1rios; <\/li>\n\n\n\n<li>Ouvem reclama\u00e7\u00f5es e analisam fatos; Prestam apoio \u00e0s atividades acad\u00eamicas; <\/li>\n\n\n\n<li>Controlam as atividades livres dos alunos.<\/li>\n<\/ul>\n<\/li>\n<\/ol>\n\n\n\n<h2 class=\"wp-block-heading\" id=\"etapas\"><span class=\"ez-toc-section\" id=\"Como_serao_as_provas_do_concurso_Prefeitura_de_Sao_Goncalo\"><\/span>Como ser\u00e3o as provas do concurso Prefeitura de S\u00e3o Gon\u00e7alo?<span class=\"ez-toc-section-end\"><\/span><\/h2>\n\n\n\n<p>Os candidatos ser\u00e3o avaliados por meiod as seguintes etapas de sele\u00e7\u00e3o:<\/p>\n\n\n\n<ul>\n<li><strong>Prova objetiva<\/strong> &#8211; de car\u00e1ter <em>eliminat\u00f3rio <\/em>e <em>classificat\u00f3rio<\/em><\/li>\n\n\n\n<li><strong>Prova de reda\u00e7\u00e3o<\/strong> &#8211; de car\u00e1ter <em>eliminat\u00f3rio <\/em>e <em>classificat\u00f3rio<\/em><\/li>\n\n\n\n<li><strong>Prova pr\u00e1tica<\/strong> &#8211; de car\u00e1ter <em>eliminat\u00f3rio <\/em>\n<ul>\n<li>Somente para o cargo de Merendeiro<\/li>\n<\/ul>\n<\/li>\n<\/ul>\n\n\n\n<h3 class=\"wp-block-heading\">Prova objetiva<\/h3>\n\n\n\n<p>Essa etapa est\u00e1 prevista para ser realizada no dia <strong>28 de abril de 202<\/strong>4, onde os candidatos para cargo de n\u00edvel fundamental ter\u00e3o 03 horas para realizar o exame, enquanto que os demais cargos ter\u00e3o o tempo m\u00e1ximo de 03h30.<\/p>\n\n\n\n<p>A avalia\u00e7\u00e3o ser\u00e1 versada nas seguintes disciplinas:<\/p>\n\n\n\n<h4 class=\"wp-block-heading\">N\u00edvel fundamental<\/h4>\n\n\n\n<ol>\n<li>Conhecimentos B\u00e1sicos\n<ul>\n<li>L\u00edngua Portuguesa (10)<\/li>\n\n\n\n<li>Matem\u00e1tica (10)<\/li>\n<\/ul>\n<\/li>\n\n\n\n<li>Conhecimentos Gerais\n<ul>\n<li>Hist\u00f3ria e Geografia do Munic\u00edpio de S\u00e3o Gon\u00e7alo-RJ (05)<\/li>\n<\/ul>\n<\/li>\n\n\n\n<li>Conhecimentos Espec\u00edficos\n<ul>\n<li>Legisla\u00e7\u00e3o &#8211; No\u00e7\u00f5es B\u00e1sicas Estatuto do Servidor P\u00fablico Municipal de S\u00e3o Gon\u00e7alo-RJ (05)<\/li>\n<\/ul>\n<\/li>\n<\/ol>\n\n\n\n<h4 class=\"wp-block-heading\">N\u00edvel m\u00e9dio<\/h4>\n\n\n\n<ol>\n<li>Conhecimentos B\u00e1sicos\n<ul>\n<li>L\u00edngua Portuguesa (10)<\/li>\n\n\n\n<li>No\u00e7\u00f5es de Inform\u00e1tica (02)<\/li>\n<\/ul>\n<\/li>\n\n\n\n<li>Conhecimentos Gerais\n<ul>\n<li>Hist\u00f3ria e Geografia do Munic\u00edpio de S\u00e3o Gon\u00e7alo-RJ (05)<\/li>\n\n\n\n<li>Legisla\u00e7\u00e3o B\u00e1sica (05)<\/li>\n\n\n\n<li>No\u00e7\u00f5es B\u00e1sicas de Pol\u00edticas Educacionais (05)<\/li>\n<\/ul>\n<\/li>\n\n\n\n<li>Conhecimentos Espec\u00edficos\n<ul>\n<li>Disciplina Espec\u00edfica de acordo com a habilita\u00e7\u00e3o e Estatuto do Servidor P\u00fablico Municipal de S\u00e3o Gon\u00e7alo-RJ (20)<\/li>\n<\/ul>\n<\/li>\n<\/ol>\n\n\n\n<p>Ser\u00e1 considerado aprovado o candidato que obtiver no m\u00ednimo 60% do total m\u00e1ximo de pontos da prova.<\/p>\n\n\n\n<h3 class=\"wp-block-heading\">Prova de reda\u00e7\u00e3o<\/h3>\n\n\n\n<p>Essa fase dever\u00e1 ser realizada juntamente a prova objetiva, onde o tema versar\u00e1 sobre <strong>Inclus\u00e3o e\/ou Acessibilidade<\/strong> e dever\u00e1 ser redigida em m\u00ednimo de 20 e m\u00e1ximo de 30 linhas.<\/p>\n\n\n\n<p>Ser\u00e3o avaliados os seguintes crit\u00e9rios:<\/p>\n\n\n\n<ol>\n<li>Escrita formal, registro e vocabul\u00e1rio<\/li>\n\n\n\n<li>Morfossintaxe e coes\u00e3o<\/li>\n\n\n\n<li>Tema, tipologia e g\u00eanero<\/li>\n\n\n\n<li>Progress\u00e3o, coer\u00eancia e relev\u00e2ncia<\/li>\n<\/ol>\n\n\n\n<p>A reda\u00e7\u00e3o ter\u00e1 a pontua\u00e7\u00e3o m\u00e1xima de 100 pontos, sendo considerado aprovado o candidato que obtiver no m\u00ednimo 60% do total de pontos.<\/p>\n\n\n\n<h3 class=\"wp-block-heading\">Prova pr\u00e1tica<\/h3>\n\n\n\n<p>Essa etapa versar\u00e1 sobre a <strong>prepara\u00e7\u00e3o de alimentos em cozinha padr\u00e3o escolar<\/strong>, atrav\u00e9s de receita a ser fornecida, observando todos procedimentos necess\u00e1rios, vinculados \u00e0s atribui\u00e7\u00f5es do cargo e previstos na legisla\u00e7\u00e3o, antes, durante e ao servir os alimentos prontos para consumo.<\/p>\n\n\n\n<p>O Concurso P\u00fablico ter\u00e1 <strong>validade <\/strong>de dois anos, a contar da data da publica\u00e7\u00e3o da homologa\u00e7\u00e3o do resultado final, podendo ser prorrogado por igual per\u00edodo, a crit\u00e9rio do Munic\u00edpio de S\u00e3o Gon\u00e7alo\/RJ, considerando-se a oportunidade e conveni\u00eancia para a Administra\u00e7\u00e3o P\u00fablica.<\/p>\n\n\n\n<p><strong>Bons estudos e boa prova!!!<\/strong><\/p>\n","protected":false},"excerpt":{"rendered":"<p>Aten\u00e7\u00e3o, concurseiros! O concurso Prefeitura de S\u00e3o Gon\u00e7alo, no estado do Rio de Janeiro, est\u00e1 com inscri\u00e7\u00f5es abertas e oferta 277 vagas para cargos de n\u00edveis fundamental e m\u00e9dio. Ficou interessado(a)? Confira os demais detalhes no decorrer da not\u00edcia. \ud83e\udd70 Como fazer minha inscri\u00e7\u00e3o no concurso Prefeitura de S\u00e3o Gon\u00e7alo? As inscri\u00e7\u00f5es para o certame j\u00e1 podem ser realizadas por meio do site da banca organizadora, Instituto Selecon, at\u00e9 o dia 26 de mar\u00e7o de 2024. Para efetivar a inscri\u00e7\u00e3o \u00e9 necess\u00e1rio que o candidato efetue o pagamento de uma taxa no valor correspondente ao n\u00edvel de escolaridade do cargo&#8230;<\/p>\n","protected":false},"author":18,"featured_media":40740,"template":"","meta":{"_acf_changed":false,"rank_math_lock_modified_date":false},"categories":[],"tags":[],"acf":[],"_links":{"self":[{"href":"https:\/\/www.editorasolucao.com.br\/blog\/wp-json\/wp\/v2\/concurso\/9805"}],"collection":[{"href":"https:\/\/www.editorasolucao.com.br\/blog\/wp-json\/wp\/v2\/concurso"}],"about":[{"href":"https:\/\/www.editorasolucao.com.br\/blog\/wp-json\/wp\/v2\/types\/concurso"}],"author":[{"embeddable":true,"href":"https:\/\/www.editorasolucao.com.br\/blog\/wp-json\/wp\/v2\/users\/18"}],"wp:featuredmedia":[{"embeddable":true,"href":"https:\/\/www.editorasolucao.com.br\/blog\/wp-json\/wp\/v2\/media\/40740"}],"wp:attachment":[{"href":"https:\/\/www.editorasolucao.com.br\/blog\/wp-json\/wp\/v2\/media?parent=9805"}],"wp:term":[{"taxonomy":"category","embeddable":true,"href":"https:\/\/www.editorasolucao.com.br\/blog\/wp-json\/wp\/v2\/categories?post=9805"},{"taxonomy":"post_tag","embeddable":true,"href":"https:\/\/www.editorasolucao.com.br\/blog\/wp-json\/wp\/v2\/tags?post=9805"}],"curies":[{"name":"wp","href":"https:\/\/api.w.org\/{rel}","templated":true}]}}